{"id":1154,"date":"2016-10-28T10:36:09","date_gmt":"2016-10-28T08:36:09","guid":{"rendered":"http:\/\/www.wanderfreunde-triebeltal.de\/?page_id=1154"},"modified":"2026-03-01T20:34:33","modified_gmt":"2026-03-01T19:34:33","slug":"rueckblick","status":"publish","type":"page","link":"https:\/\/www.wanderfreunde-triebeltal.de\/index.php\/rueckblick\/","title":{"rendered":"R\u00fcckblick"},"content":{"rendered":"<p>[et_pb_section bb_built=&#8220;1&#8243; fullwidth=&#8220;on&#8220; specialty=&#8220;off&#8220;][et_pb_fullwidth_header title=&#8220;R\u00fcckblicke auf die vergangenen Jahre&#8220; background_layout=&#8220;dark&#8220; text_orientation=&#8220;center&#8220; header_fullscreen=&#8220;off&#8220; header_scroll_down=&#8220;off&#8220; background_url=&#8220;https:\/\/www.wanderfreunde-triebeltal.de\/wp-content\/uploads\/2016\/05\/2005-21.jpg&#8220; parallax=&#8220;off&#8220; parallax_method=&#8220;off&#8220; content_orientation=&#8220;center&#8220; image_orientation=&#8220;center&#8220; title_font=&#8220;|on|||&#8220; title_font_size=&#8220;26px&#8220; custom_button_one=&#8220;off&#8220; button_one_letter_spacing=&#8220;0&#8243; button_one_use_icon=&#8220;default&#8220; button_one_icon_placement=&#8220;right&#8220; button_one_on_hover=&#8220;on&#8220; button_one_letter_spacing_hover=&#8220;0&#8243; custom_button_two=&#8220;off&#8220; button_two_letter_spacing=&#8220;0&#8243; button_two_use_icon=&#8220;default&#8220; button_two_icon_placement=&#8220;right&#8220; button_two_on_hover=&#8220;on&#8220; button_two_letter_spacing_hover=&#8220;0&#8243; background_image=&#8220;https:\/\/www.wanderfreunde-triebeltal.de\/wp-content\/uploads\/2016\/05\/2005-21.jpg&#8220; _builder_version=&#8220;3.0.92&#8243;]<\/p>\n<p>&nbsp;<\/p>\n<p>[\/et_pb_fullwidth_header][\/et_pb_section][et_pb_section bb_built=&#8220;1&#8243; fullwidth=&#8220;off&#8220; specialty=&#8220;off&#8220;][et_pb_row background_position=&#8220;top_left&#8220; background_repeat=&#8220;repeat&#8220; background_size=&#8220;initial&#8220;][et_pb_column type=&#8220;4_4&#8243;][et_pb_accordion use_border_color=&#8220;off&#8220; open_toggle_background_color=&#8220;rgba(92,244,9,0.35)&#8220; _builder_version=&#8220;3.0.92&#8243;][et_pb_accordion_item _builder_version=&#8220;3.0.92&#8243; title=&#8220;2025&#8243; use_background_color_gradient=&#8220;off&#8220; background_color_gradient_start=&#8220;#2b87da&#8220; background_color_gradient_end=&#8220;#29c4a9&#8243; background_color_gradient_type=&#8220;linear&#8220; background_color_gradient_direction=&#8220;180deg&#8220; background_color_gradient_direction_radial=&#8220;center&#8220; background_color_gradient_start_position=&#8220;0%&#8220; background_color_gradient_end_position=&#8220;100%&#8220; background_color_gradient_overlays_image=&#8220;off&#8220; parallax=&#8220;off&#8220; parallax_method=&#8220;on&#8220; background_size=&#8220;cover&#8220; background_position=&#8220;center&#8220; background_repeat=&#8220;no-repeat&#8220; background_blend=&#8220;normal&#8220; allow_player_pause=&#8220;off&#8220;]<\/p>\n<h5 class=\"et_pb_toggle_title\">Jahresendwanderung Geilsdorf 28.12.2025<\/h5>\nngg_shortcode_0_placeholder\n<h5 class=\"et_pb_toggle_title\">Licht\u00b4l Wanderung Ebmath, Triebel und Eichigt 30.11.2025<\/h5>\nngg_shortcode_1_placeholder\n<p>&nbsp;<\/p>\n<h5 class=\"et_pb_toggle_title\">&#8222;Kaffeeklatschwanderung&#8220; Wernitzgr\u00fcn 01.11.2025<\/h5>\nngg_shortcode_2_placeholder\n<p>&nbsp;<\/p>\n<h5 class=\"et_pb_toggle_title\">Rund um Werda 26.10.2025<\/h5>\nngg_shortcode_3_placeholder\n<h5 class=\"et_pb_toggle_title\">Genusswanderung Kleingera 10.10.2025<\/h5>\nngg_shortcode_4_placeholder\n<h5 class=\"et_pb_toggle_title\">21. Westvogtl\u00e4ndischer Wandertag \u201eDrachenspuren um M\u00f6dlareuth\u201c 04.10.2025<\/h5>\nngg_shortcode_5_placeholder\n<h5 class=\"et_pb_toggle_title\">Greiz &#8211; Rothentaler Alpen 20.09.2025<\/h5>\nngg_shortcode_6_placeholder\n<p>&nbsp;<\/p>\n<h5 class=\"et_pb_toggle_title\">Wanderfahrt 2025 ins \u201eBayerische Allg\u00e4u\u201c 04.09. &#8211; 10.09.2025<\/h5>\n<p>&nbsp;<\/p>\n<p><img loading=\"lazy\" decoding=\"async\" class=\"\" src=\"https:\/\/www.wanderfreunde-triebeltal.de\/wp-content\/uploads\/2025\/10\/image.jpeg\" width=\"236\" height=\"177\"><\/p>\n<p><img loading=\"lazy\" decoding=\"async\" class=\"\" src=\"https:\/\/www.wanderfreunde-triebeltal.de\/wp-content\/uploads\/2025\/10\/image1-1-scaled.jpeg\" width=\"238\" height=\"305\"><\/p>\n<h5>Teil 1:<\/h5>\nngg_shortcode_7_placeholder\n<h5>Teil 2:<\/h5>\nngg_shortcode_8_placeholder\n<h5>Teil 3:<\/h5>\nngg_shortcode_9_placeholder\n<h5>Teil 4:<\/h5>\nngg_shortcode_10_placeholder\n<h5>Teil 5:<\/h5>\nngg_shortcode_11_placeholder\n<h5 class=\"et_pb_toggle_title\">Kinder- und Familienwanderung 30.08.2025<\/h5>\n<div class=\"et_pb_toggle_content clearfix\">ngg_shortcode_12_placeholder<\/div>\n<p>&nbsp;<\/p>\n<h5 class=\"et_pb_toggle_title\">1. Oelsnitzer Sperkentour 30.08.2025<\/h5>\nngg_shortcode_13_placeholder\n<h5 class=\"et_pb_toggle_title\">Teilnahme am 38. Wandertag in Schwarzenbach\/S. 10.08.2025<\/h5>\nngg_shortcode_14_placeholder\n<p>&nbsp;<\/p>\n<h5 class=\"et_pb_toggle_title\">Genusswanderung Beerheide 08.08.2025<\/h5>\nngg_shortcode_15_placeholder\n<p>&nbsp;<\/p>\n<h5 class=\"et_pb_toggle_title\">Wanderung Rund um Luby\/Cz 27.07.2025<\/h5>\nngg_shortcode_16_placeholder\n<p>&nbsp;<\/p>\n<h5 class=\"et_pb_toggle_title\">Kinderwanderung mit Zelt\u00fcbernachtung 26.07.2025<\/h5>\n<h5><strong>Kinderwanderung mit Zelt\u00fcbernachtung 26.07.2025<\/strong><\/h5>\n<h5>In Zusammenarbeit mit dem SV Triebel organisierte der Wanderverein Triebel auch in diesem Jahr wieder eine Wanderung f\u00fcr Kinder mit \u00dcbernachtung in der Natur.<\/h5>\n<h5>Mit Start am Sportplatz wanderten wir \u00fcber den Steinmauerweg zum Rastplatz an der Kastanie, wo wir Schutz vor einem kurzen Schauer fanden und uns f\u00fcr den folgenden Aufstieg auf den Platzerberg st\u00e4rkten. Kurzentschlossen machten wir es uns zur Aufgabe, auf der h\u00f6chsten Erhebung der Gemeinde Triebel ein Gipfelkreuz zu errichten. Mit S\u00e4ge und Schnitzmesser wurde hier schon kr\u00e4ftig gewerkelt, gemeinsam angepackt und gelacht. Vielleicht hat zuk\u00fcnftig der ein oder andere Kammwegwanderer Freude an unserer einzigartigen Konstruktion.<\/h5>\n<h5>\u00dcbers Siebenwegekreuz ging es neizu zum alten Badeteich am Obertriebler Stall, der uns einen super Lagerplatz bot. Vor lauter Eifer bauten hier manche sogar das falsche Zelt auf.<\/h5>\n<h5>Bei bestem Wetter fand hier jeder eine Besch\u00e4ftigung, egal ob am Wasser, beim Schnitzen, auf B\u00e4ume Klettern oder beim Brutzeln von W\u00fcrstchen und Stockbrot am Feuer\u2026<\/h5>\n<h5>Nach einer ruhigen Nacht und gemeinsamen Fr\u00fchst\u00fcck brachen wir unsere Zelte wieder ab und wanderten \u00fcber den Kugelanger zur\u00fcck nach Triebel \u2013 im Gep\u00e4ck, Vorfreude und Ideen f\u00fcrs n\u00e4chste Jahr&nbsp;<img decoding=\"async\" class=\"emoji\" role=\"img\" draggable=\"false\" src=\"https:\/\/s.w.org\/images\/core\/emoji\/17.0.2\/svg\/1f642.svg\" alt=\"\ud83d\ude42\"><\/h5>\n<h5>Danke an Alle, die dieses Abenteuer mit erm\u00f6glichen.<\/h5>\n<h5>Simone und Mathias<\/h5>\nngg_shortcode_17_placeholder\n<h5 class=\"et_pb_toggle_title\">43. Triebeltalwanderung &#8222;Rindimmedim im Triebel rim&#8220; 20.07.2025<\/h5>\nngg_shortcode_18_placeholder\n<p>&nbsp;<\/p>\n<h5 class=\"et_pb_toggle_title\">Wanderung um die G\u00f6ltzschtalbr\u00fccke am 15.06.2025<\/h5>\nngg_shortcode_19_placeholder\n<p>&nbsp;<\/p>\n<h5 class=\"et_pb_toggle_title\">Kennenlern-Familienwanderung GS Bobenneukirchen 24.05.2025<\/h5>\nngg_shortcode_20_placeholder\n<h5 class=\"et_pb_toggle_title\">Mehrtagestour B\u00f6hmische Schweiz 14.05. &#8211; 18.05.2025<\/h5>\n<p>&nbsp;<\/p>\n<p><img loading=\"lazy\" decoding=\"async\" class=\"\" src=\"https:\/\/www.wanderfreunde-triebeltal.de\/wp-content\/uploads\/2025\/07\/Flyer-Boehmische-Schweiz.jpg\" width=\"502\" height=\"672\"><\/p>\n<p>&nbsp; Mehrtagestour in der B\u00f6hmischen Schweiz<\/p>\n<p>&nbsp;&nbsp;&nbsp;&nbsp;&nbsp;&nbsp;&nbsp;&nbsp;&nbsp;&nbsp;&nbsp;&nbsp;&nbsp;&nbsp;&nbsp;&nbsp;&nbsp;&nbsp;&nbsp;&nbsp;&nbsp;&nbsp;&nbsp;&nbsp;&nbsp; \u2013 Unterwegs auf dem Historischen Kammweg \u2013<\/p>\n<p>&nbsp;<\/p>\n<p>Nach langen und intensiven Vorbereitungen war es nun so weit.<\/p>\n<p>Am 14. Mai 2025 starteten wir als Wanderverein f\u00fcr eine Mehrtagestour in die B\u00f6hmische Schweiz.<\/p>\n<p>Unsere Wandergruppe bestand aus elf lustigen Wandergesellen, einigen Vereinsmitgliedern und guten Freunden.<\/p>\n<p>Unser Ziel war der Historische Kammweg zwischen Tetschen an der Elbe und Dittersbach im Herzen der B\u00f6hmischen Schweiz.<\/p>\n<p>Die Anreise erfolgte mit der Tschechischen Bahn ab Eger. W\u00e4hrend der Fahrt kann man sich hier schon mit Pilsener Bier und belegten Broten versorgen lassen. Was f\u00fcr ein Luxus!<\/p>\n<p>Die drei Wanderetappen hatten eine L\u00e4nge von um die 20km.<\/p>\n<p>Da es hinter jeder Ecke viel zu sehen gab, waren wir doch immer bis in den sp\u00e4ten Nachmittag unterwegs.<\/p>\n<p>&nbsp;<\/p>\n<p>15.05.<\/p>\n<p>Wandertag 1. Tetschen \u2013 Rosendorf:<\/p>\n<p>Von unserer Pension, direkt an der Elbe, f\u00fchrte uns die Route zun\u00e4chst durch Tetschen. Hier wurden noch letzte Eink\u00e4ufe f\u00fcr den Tag erledigt, bevor wir die Stadt verlie\u00dfen und die Aussichtspunkte hoch \u00fcber dem Elbtal erreichten. Belohnt wurden wir hier mit wundersch\u00f6nen Aussichten auf die Stadt und die Elbe. In der Ferne gr\u00fc\u00dfte der Hohe Schneeberg und auf S\u00e4chsischer Seite der Zirkelstein und sp\u00e4ter der Gro\u00dfe Zschirnstein. In Arnsdorf bot sich eine kurze Einkehr an. Die letzten Kilometer bis Rosendorf liefen dadurch wie am Schn\u00fcrchen.<\/p>\n<p>&nbsp;<\/p>\n<p>16.05.<\/p>\n<p>Wandertag 2. Rosendorf \u2013 Dittersbach:<\/p>\n<p>Im kleinen Magazin neben der Unterkunft wurden schnell noch Getr\u00e4nke, H\u00f6rnchen und Knacker gekauft. Nun folgte der kurze Aufstieg auf den Hutberg. Auf dem Gipfel findet man eine kleine Aussichtskuppel die eher einer Mondlandekapsel \u00e4hnelt als einem Aussichtsturm. Jedenfalls bot sich von hier ein herrlicher Blick in alle Himmelsrichtungen. Direkt s\u00fcdlich erhebt sich der Rosenberg und der Kaltenberg, im Westen der Hohe Schneeberg. Im Norden konnten wir die Steine der S\u00e4chsischen Schweiz aus machen, und im Osten gr\u00fc\u00dfen die Berge des Zittauer Gebirges. Wir folgten dem Verlauf des alten Kammweges, der uns nun in die Ferdinandsklamm f\u00fchrte, vorbei an den Ruinen der Grundm\u00fchle, deren Geschichte bis ins 16. Jhd. zur\u00fcck geht. Unvorstellbar, was hier fr\u00fcher f\u00fcr ein Aufwand betrieben wurde, um Getreide zu mahlen, Schnaps zu brennen, die Kahnfahrt aufrecht zu erhalten und sogar eine G\u00e4rtnerei zu betreiben. Im Hohlen Stein in Schemmel fanden wir gl\u00fccklicherweise Schutz vor einem Regenschauer. Auf dem letzten Kilometer vor Dittersbach wurden wir dann aber doch noch nass.<\/p>\n<p>&nbsp;<\/p>\n<p>17.05.<\/p>\n<p>Wandertag 3. Dittersbach \u2013 Dittersbach:<\/p>\n<p>Heute stand eine Rundwanderung im Nationalpark B\u00f6hmische Schweiz auf dem Programm.<\/p>\n<p>Von der Touristeninformation in Dittersbach, stiegen wir recht z\u00fcgig auf zum Marienfels. Von diesem, auf einer Felsnadel, gelegenen Aussichtspavillon hat man eine traumhafte Aussicht auf die Umgebung. Weitere Highlights auf der Tour waren die Balzerh\u00f6hle, der Aussichtspunkt auf der Wilhelminenwand und der Rudolfstein. Gerade dieser gl\u00e4nzt mit einem spektakul\u00e4ren Aufstieg und einer atemberaubenden Aussicht. Nach einem B\u00f6hmischen Kaltgetr\u00e4nk im Hegerhaus folgte der R\u00fcckweg nach Dittersbach. Die dicken Regenwolken waren am Ende wieder schneller als wir und zwangen uns noch dazu unsere Ponchos und Regenjacken anzuziehen. Im Gasthof Prag hatten wir f\u00fcr den Abend einen Tisch bestellt. Bei B\u00f6hmischen Kn\u00f6deln und dem ein oder anderen Pils wurde zur\u00fcckgeblickt auf drei Wundersch\u00f6ne Wandertage, es wurde viel gelacht und bereits Pl\u00e4ne f\u00fcr eine Mehrtagestour 2026 geschmiedet, die ganz bestimmt einen Platz im Wanderkalender finden wird.<\/p>\n<p>&nbsp;<\/p>\n<p>Noch mal ein ganz Gro\u00dfes Dankesch\u00f6n an die ganze Truppe und jeden Einzelnen. Wir haben zu jeder Zeit perfekt harmoniert, es gab keine Ausreiser (fast keine&nbsp;<img decoding=\"async\" class=\"emoji\" role=\"img\" draggable=\"false\" src=\"https:\/\/s.w.org\/images\/core\/emoji\/17.0.2\/svg\/1f609.svg\" alt=\"\ud83d\ude09\">&nbsp;) und in f\u00fcnf Tagen keinerlei Probleme.<\/p>\n<p>&nbsp;<\/p>\n<p>Liebe Gr\u00fc\u00dfe, bis zur n\u00e4chsten Wanderung<\/p>\n<p>&nbsp;<\/p>\n<p>&nbsp;<\/p>\nngg_shortcode_21_placeholder\n<p>&nbsp;<\/p>\n<h5 class=\"et_pb_toggle_title\">Maiwanderung &#8211; Weischlitz 17.05.2025<\/h5>\nngg_shortcode_22_placeholder\n<h5 class=\"et_pb_toggle_title\">Radtour zum Sauerbrunnen Sohl 10.5.2025<\/h5>\nngg_shortcode_23_placeholder\n<p>&nbsp;<\/p>\n<h5 class=\"et_pb_toggle_title\">Genusswanderung Altchrieschwitz 09.05.225<\/h5>\nngg_shortcode_24_placeholder\n<h5 class=\"et_pb_toggle_title\">Teilnahme am 18. Wandertag &#8222;Rund um die Erdachse&#8220; Pausa 26.04.2025<\/h5>\nngg_shortcode_25_placeholder\n<p>&nbsp;<\/p>\n<h5 class=\"et_pb_toggle_title\">Zollgr\u00fcn &#8211; &#8222;Zu Ostern durchs Tal der Wettera&#8220; 21.04.2025<\/h5>\nngg_shortcode_26_placeholder\n<p>&nbsp;<\/p>\n<h5 class=\"et_pb_toggle_title\">Genusswanderung Syrau 11.04.2025<\/h5>\nngg_shortcode_27_placeholder\n<p>&nbsp;<\/p>\n<h5 class=\"et_pb_toggle_title\">Burg Sch\u00f6nfels &#8222;Russbuttensteig&#8220; 30.03.2025<\/h5>\nngg_shortcode_28_placeholder\n<p>&nbsp;<\/p>\n<h5 class=\"et_pb_toggle_title\">Naturwanderung &#8222;Leberbl\u00fcmchen&#8220; Pirk 15.03.2025<\/h5>\nngg_shortcode_29_placeholder\n<p>&nbsp;<\/p>\n<h5 class=\"et_pb_toggle_title\">Ochsenkopf Winterwandertage 2025 &#8211; Gef\u00fchrte Wanderung am 23.02.2025<\/h5>\nngg_shortcode_30_placeholder\n<p>&nbsp;<\/p>\n<h5 class=\"et_pb_toggle_title\">Wintersporttage Novy Hamry 14.-16.02.2025<\/h5>\nngg_shortcode_31_placeholder\n<p>&nbsp;<\/p>\n<h5 class=\"et_pb_toggle_title\">Mitgliederversammlung in Posseck 08.02.2025<\/h5>\nngg_shortcode_32_placeholder\n<h5 class=\"et_pb_toggle_title\">Winterwanderung Raitschin 19.01.2025<\/h5>\nngg_shortcode_33_placeholder\n<p>[\/et_pb_accordion_item][et_pb_accordion_item _builder_version=&#8220;3.0.92&#8243; title=&#8220;2024 &#8220; use_background_color_gradient=&#8220;off&#8220; background_color_gradient_start=&#8220;#2b87da&#8220; background_color_gradient_end=&#8220;#29c4a9&#8243; background_color_gradient_type=&#8220;linear&#8220; background_color_gradient_direction=&#8220;180deg&#8220; background_color_gradient_direction_radial=&#8220;center&#8220; background_color_gradient_start_position=&#8220;0%&#8220; background_color_gradient_end_position=&#8220;100%&#8220; background_color_gradient_overlays_image=&#8220;off&#8220; parallax=&#8220;off&#8220; parallax_method=&#8220;on&#8220; background_size=&#8220;cover&#8220; background_position=&#8220;center&#8220; background_repeat=&#8220;no-repeat&#8220; background_blend=&#8220;normal&#8220; allow_player_pause=&#8220;off&#8220; closed_toggle_text_color=&#8220;#000000&#8243; closed_toggle_background_color=&#8220;#68d800&#8243;]<\/p>\n<h5 class=\"et_pb_toggle_title\">Vogelherd bei Oelsnitz 29.12.2024<\/h5>\n<p>&nbsp;<\/p>\n<p>&nbsp;<\/p>\n<p><a href=\"https:\/\/www.wanderfreunde-triebeltal.de\/wp-content\/uploads\/2025\/01\/Strecke-Schloss-Oelsnitz.jpg\"><img loading=\"lazy\" decoding=\"async\" class=\"alignnone size-medium wp-image-8794\" src=\"https:\/\/www.wanderfreunde-triebeltal.de\/wp-content\/uploads\/2025\/01\/Strecke-Schloss-Oelsnitz-300x136.jpg\" alt=\"\" width=\"300\" height=\"136\" srcset=\"https:\/\/www.wanderfreunde-triebeltal.de\/wp-content\/uploads\/2025\/01\/Strecke-Schloss-Oelsnitz-300x136.jpg 300w, https:\/\/www.wanderfreunde-triebeltal.de\/wp-content\/uploads\/2025\/01\/Strecke-Schloss-Oelsnitz-1024x464.jpg 1024w, https:\/\/www.wanderfreunde-triebeltal.de\/wp-content\/uploads\/2025\/01\/Strecke-Schloss-Oelsnitz-768x348.jpg 768w, https:\/\/www.wanderfreunde-triebeltal.de\/wp-content\/uploads\/2025\/01\/Strecke-Schloss-Oelsnitz-1080x489.jpg 1080w, https:\/\/www.wanderfreunde-triebeltal.de\/wp-content\/uploads\/2025\/01\/Strecke-Schloss-Oelsnitz.jpg 1518w\" sizes=\"auto, (max-width: 300px) 100vw, 300px\" \/><\/a><\/p>\n<p>&nbsp;<\/p>\nngg_shortcode_34_placeholder\n<p>&nbsp;<\/p>\n<h5 class=\"et_pb_toggle_title\">Lichtlwanderung Triebel 08.12.2024<\/h5>\nngg_shortcode_35_placeholder\n<p>&nbsp;<\/p>\n<h5 class=\"et_pb_toggle_title\">Rund um Oelsnitz 27.10.2024<\/h5>\nngg_shortcode_36_placeholder\n<p>&nbsp;<\/p>\n<h5 class=\"et_pb_toggle_title\">Kaffeeklatsch &#8211; Wanderung Siebenbrunn 19.10.2024<\/h5>\nngg_shortcode_37_placeholder\n<p>&nbsp;<\/p>\n<h5 class=\"et_pb_toggle_title\">Kraslice \/ Tschechien 13.10.2024<\/h5>\nngg_shortcode_38_placeholder\n<p>&nbsp;<\/p>\n<h5 class=\"et_pb_toggle_title\">Genusswanderung Wetzelsgr\u00fcn 11.10.2024<\/h5>\nngg_shortcode_39_placeholder\n<p>&nbsp;<\/p>\n<h5 class=\"et_pb_toggle_title\">Vogelsgr\u00fcn 22.09.2024<\/h5>\nngg_shortcode_40_placeholder\n<p>&nbsp;<\/p>\n<h5 class=\"et_pb_toggle_title\">Adorfer Herbstwanderung um Gettengr\u00fcn 15.09.2024<\/h5>\nngg_shortcode_41_placeholder\n<p>&nbsp;<\/p>\n<h5 class=\"et_pb_toggle_title\">Saarreise 07.09. &#8211; 13.09.2024<\/h5>\n<p>&nbsp;<\/p>\n<p>07.09.24<\/p>\nngg_shortcode_42_placeholder\n<p>08.09.24<\/p>\nngg_shortcode_43_placeholder\n<p>09.09.24<\/p>\nngg_shortcode_44_placeholder\n<p>10.09.24<\/p>\nngg_shortcode_45_placeholder\n<p>11.09.24<\/p>\nngg_shortcode_46_placeholder\n<p>12.09.24<\/p>\nngg_shortcode_47_placeholder\n<p>&nbsp;<\/p>\n<h5 class=\"et_pb_toggle_title\">Zwischen Dreil\u00e4ndereck und Dreibistumseck 24.08.2024<\/h5>\nngg_shortcode_48_placeholder\n<p>&nbsp;<\/p>\n<h5 class=\"et_pb_toggle_title\">Genusswanderung Hazlov 09.08.2024<\/h5>\nngg_shortcode_49_placeholder\n<p>&nbsp;<\/p>\n<h5 class=\"et_pb_toggle_title\">42. Triebeltalwanderung 21.07.2024<\/h5>\nngg_shortcode_50_placeholder\nngg_shortcode_51_placeholder\n<p>&nbsp;<\/p>\n<h5 class=\"et_pb_toggle_title\">Naturwanderung Blosenberg 30.06.2024<\/h5>\nngg_shortcode_52_placeholder\n<h5 class=\"et_pb_toggle_title\"><span style=\"color: #333333; font-size: 16px;\">Morgenwanderung Eichigt 23.06.2024<\/span><\/h5>\nngg_shortcode_53_placeholder\n<h5 class=\"et_pb_toggle_title\">&nbsp;<\/h5>\n<p>&nbsp;<\/p>\n<h5 class=\"et_pb_toggle_title\">Kinderwanderung SV Triebel + Wanderverein Triebel 22.06.2024<\/h5>\n<p>&nbsp;<\/p>\n<h5>Hier noch eine kleine Zusammenfassung unserer Kinderwanderung vom 22.06.24<\/h5>\n<h5>Am 22.06. veranstaltete der Wanderverein in Zusammenarbeit mit dem SV Triebel eine Kinderwanderung mit Zelt\u00fcbernachtung in der Natur.<\/h5>\n<h5>Die Route f\u00fchrte von Triebel am Triebelbach entlang \u00fcber Obertriebel, bis an die Quelle der Triebel. Nach einer St\u00e4rkung schlugen wir unweit davon unser Zeltlager auf. Gemeinsam wurde am Abend eine Suppe mit W\u00fcrstchen gekocht, bevor es los ging, zur Nachtwanderung. Unser Ziel war der Zigeunerbrunnen, der im Dunklen wirklich nicht leicht zu finden ist. Hier hatten alle ihren Spa\u00df.&nbsp;<\/h5>\n<h5>Nach einer ruhigen Nacht folgte am Sonntag nach dem Fr\u00fchst\u00fcck der Weg zur\u00fcck nach Triebel, wo wir um elf wieder eintrafen. Es war eine ganz tolle Wanderung, bei der alle viel Spa\u00df hatten.&nbsp;<\/h5>\n<h5>&nbsp;<\/h5>\n<h5>Mathias Schlegel<\/h5>\nngg_shortcode_54_placeholder\n<h5 class=\"et_pb_toggle_title\">Landw\u00fcst 15.06.2024<\/h5>\nngg_shortcode_55_placeholder\n<h5 class=\"et_pb_toggle_title\">Genusswanderung Sch\u00f6nbach 07.06.2024<\/h5>\nngg_shortcode_56_placeholder\n<p>&nbsp;<\/p>\n<h5 class=\"et_pb_toggle_title\">Planschwitz 20.05.2024<\/h5>\nngg_shortcode_57_placeholder\n<p>&nbsp;<\/p>\n<h5 class=\"et_pb_toggle_title\">Saalerad-Tour Posseck &#8211; Fattigm\u00fchle 05.05.2024<\/h5>\n<p>&nbsp;<\/p>\n<p><span style=\"color: #000000;\">Ein paar Eindr\u00fccke von unserer gelungenen Saaleradtour zum \u201eKleinen Saalenstein\u201c (Fattigm\u00fchle)&nbsp;<br \/>\n<\/span><span style=\"color: #000000;\">Alle sind, auch dank Hilfe mit einer \u201eAccu-Flex\u201c, wieder heil in Posseck angekommen.<br \/>\n<\/span><span style=\"color: #000000;\">Wir waren 11 aktive Radler (davon 4 G\u00e4ste), sowie zwei Autofahrer und \u201eHund Charly\u201c, die uns schon zum Mittagessen in der Fattigm\u00fchle erwarteten!<\/span><\/p>\nngg_shortcode_58_placeholder\n<p>&nbsp;<\/p>\n<h5 class=\"et_pb_toggle_title\">Genusswanderung Franzensbad \/ Frantiskovy Lazne, CR 12.04.2024<\/h5>\nngg_shortcode_59_placeholder\n<p>&nbsp;<\/p>\n<h5 class=\"et_pb_toggle_title\">Obere Saale &#8211; Fattigsm\u00fchle 01.04.2024<\/h5>\nngg_shortcode_60_placeholder\n<p>&nbsp;<\/p>\n<h5 class=\"et_pb_toggle_title\">Friesenland 17.03.2024<\/h5>\nngg_shortcode_61_placeholder\n<p>&nbsp;<\/p>\n<h5 class=\"et_pb_toggle_title\">Jahresmitgliederversammlung Posseck 09.03.2024<\/h5>\nngg_shortcode_62_placeholder\n<p>&nbsp;<\/p>\n<h5 class=\"et_pb_toggle_title\">Novy Hamry 16.02 &#8211; 18.02.2024<\/h5>\nngg_shortcode_63_placeholder\n<p>&nbsp;<\/p>\n<h5 class=\"et_pb_toggle_title\">Rund um Dehles 04.02.2024<\/h5>\nngg_shortcode_64_placeholder\n<p>&nbsp;<\/p>\n<h5 class=\"et_pb_toggle_title\">Ochsenkopf Winterwandertage 2024 20.01.2024<\/h5>\n<p>&nbsp;<\/p>\n<p><strong>Ochsenkopf Winterwanderung&nbsp; W 41 \u201eRund um Warmensteinach\u201c<\/strong><\/p>\n<p>Wir waren sieben Aufrechte, davon ein Gast mit Hund, die anderen zwei waren zwei Wanderer aus Tirschenreuth.<\/p>\n<p>Mit dem Rest der ca. 30 Wanderer gro\u00dfem Gruppe haben wir uns dann oben auf dem Panoramaweg getroffen.<\/p>\n<p>Es herrschte top Wanderwetter und es war eine sehr sch\u00f6ne gef\u00fchrte Wanderung rund um Warmensteinach \u00fcber 7 km.<\/p>\n<p>&nbsp;<\/p>\n<p>Frank B\u00f6rngen<\/p>\n<p>ngg_shortcode_65_placeholder[\/et_pb_accordion_item][et_pb_accordion_item title=&#8220;2023&#8243; _builder_version=&#8220;3.0.92&#8243; use_background_color_gradient=&#8220;off&#8220; background_color_gradient_start=&#8220;#2b87da&#8220; background_color_gradient_end=&#8220;#29c4a9&#8243; background_color_gradient_type=&#8220;linear&#8220; background_color_gradient_direction=&#8220;180deg&#8220; background_color_gradient_direction_radial=&#8220;center&#8220; background_color_gradient_start_position=&#8220;0%&#8220; background_color_gradient_end_position=&#8220;100%&#8220; background_color_gradient_overlays_image=&#8220;off&#8220; parallax=&#8220;off&#8220; parallax_method=&#8220;on&#8220; background_size=&#8220;cover&#8220; background_position=&#8220;center&#8220; background_repeat=&#8220;no-repeat&#8220; background_blend=&#8220;normal&#8220; allow_player_pause=&#8220;off&#8220; closed_toggle_text_color=&#8220;#000000&#8243; closed_toggle_background_color=&#8220;#68d800&#8243;]<\/p>\n<p>&nbsp;<\/p>\n<p><span style=\"color: #000000;\">Lichtlwanderung Eichigt 03.12.2023<br \/>\n<\/span><\/p>\n<p>ngg_shortcode_66_placeholder<span style=\"color: #000000;\">&nbsp;<\/span><\/p>\n<p>&nbsp;<\/p>\n<p><span style=\"color: #000000;\">Wanderung 150. Geburtstag Paul Apitzsch Wachholderp\u00f6hl Triebel 05.11.2023<br \/>\n<\/span><\/p>\n<p>ngg_shortcode_67_placeholder<span style=\"color: #000000;\">&nbsp;<\/span><\/p>\n<p>&nbsp;<\/p>\n<p><span style=\"color: #000000;\">Nachtwanderung Feilitzsch 28.10.2023<br \/>\n<\/span><\/p>\n<p>ngg_shortcode_68_placeholder<span style=\"color: #000000;\">&nbsp;<\/span><\/p>\n<p>&nbsp;<\/p>\n<p><span style=\"color: #000000;\">Genusswanderung Muldenberg 13.10.2023<br \/>\n<\/span><\/p>\n<p>ngg_shortcode_69_placeholder<span style=\"color: #000000;\">&nbsp;<\/span><\/p>\n<p>&nbsp;<\/p>\n<p><span style=\"color: #000000;\">Elster-Radtour 08.10.23<br \/>\n<\/span><\/p>\nngg_shortcode_70_placeholder\n<p><span style=\"color: #000000;\">Wanderausfahrt Lechtal\/Tirol&nbsp; 17.09.-23.09.2023<\/span><\/p>\n<p><span style=\"color: #000000;\">&nbsp;17.09.23<br \/>\n<\/span><\/p>\n<p>ngg_shortcode_71_placeholder<span style=\"color: #000000;\">&nbsp;<\/span><span style=\"color: #000000;\">18.09.23<br \/>\n<\/span><\/p>\n<p>ngg_shortcode_72_placeholder<span style=\"color: #000000;\">&nbsp;<\/span><span style=\"color: #000000;\">19.09.23<br \/>\n<\/span><\/p>\n<p>ngg_shortcode_73_placeholder<span style=\"color: #000000;\">&nbsp;<\/span><span style=\"color: #000000;\">20.09.23<br \/>\n<\/span><\/p>\n<p>ngg_shortcode_74_placeholder<span style=\"color: #000000;\">&nbsp;<\/span><span style=\"color: #000000;\">21.09.23<br \/>\n<\/span><\/p>\n<p>ngg_shortcode_75_placeholder<span style=\"color: #000000;\">&nbsp;<\/span><\/p>\n<p>&nbsp;<\/p>\n<p>&nbsp;<\/p>\n<p><span style=\"color: #000000;\">Naturwanderung Werda 03.09.2023<br \/>\n<\/span><\/p>\n<p>ngg_shortcode_76_placeholder<span style=\"color: #000000;\">&nbsp;<\/span><\/p>\n<p>&nbsp;<\/p>\n<p><span style=\"color: #000000;\">Kinderwanderung 02.09.2023<br \/>\n<\/span><\/p>\n<p>ngg_shortcode_77_placeholder<span style=\"color: #000000;\">&nbsp;<\/span><\/p>\n<p>&nbsp;<\/p>\n<p><span style=\"color: #000000;\">B\u00fcrgerpark Theresienstein in Hof 13.08.2023<br \/>\n<\/span><\/p>\n<p>ngg_shortcode_78_placeholder<span style=\"color: #000000;\">&nbsp;<\/span><\/p>\n<p>&nbsp;<\/p>\n<p><span style=\"color: #000000;\">Genusswanderung Erlbach 04.08.2023<br \/>\n<\/span><\/p>\n<p>ngg_shortcode_79_placeholder<span style=\"color: #000000;\">&nbsp;<\/span><\/p>\n<p>&nbsp;<\/p>\n<p><span style=\"color: #000000;\">41. Triebeltalwanderung 16.07.2023<br \/>\n<\/span><\/p>\n<p>ngg_shortcode_80_placeholder<span style=\"color: #000000;\">&nbsp;<\/span><\/p>\n<p>&nbsp;<\/p>\n<p><span style=\"color: #000000;\">Orgelpfeifen von Rotava 09.07.2023<br \/>\n<\/span><\/p>\n<p>ngg_shortcode_81_placeholder<span style=\"color: #000000;\">&nbsp;<\/span><\/p>\n<p>&nbsp;<\/p>\n<p><span style=\"color: #000000;\">Sternwanderung zur Elsterquelle 01.07.2023<br \/>\n<\/span><\/p>\n<p>ngg_shortcode_82_placeholder<span style=\"color: #000000;\">&nbsp;<\/span><\/p>\n<p>&nbsp;<\/p>\n<p><span style=\"color: #000000;\">Morgenwanderung Bergen 24.06.2023<br \/>\n<\/span><\/p>\n<p>ngg_shortcode_83_placeholder<span style=\"color: #000000;\">&nbsp;<\/span><\/p>\n<p>&nbsp;<\/p>\n<p><span style=\"color: #000000;\">Schilbach 18.06.2023<br \/>\n<\/span><\/p>\n<p>ngg_shortcode_84_placeholder<span style=\"color: #000000;\">&nbsp;<\/span><\/p>\n<p>&nbsp;<\/p>\n<p><span style=\"color: #000000;\">12. Grenzlandwanderung im Grenzgebiet Sachsen-Bayern-Tschechien 11.06.2023<br \/>\n<\/span><\/p>\n<p>ngg_shortcode_85_placeholder<span style=\"color: #000000;\">&nbsp;<\/span><\/p>\n<p>&nbsp;<\/p>\n<p>&nbsp;<\/p>\n<p><span style=\"color: #000000;\">Genusswanderung Rodewisch nach Auerbach-Brunn&nbsp; 02.06.2023<br \/>\n<\/span><\/p>\n<p>ngg_shortcode_86_placeholder<span style=\"color: #000000;\">&nbsp;<\/span><\/p>\n<p>&nbsp;<\/p>\n<p><span style=\"color: #000000;\">Sternwanderung zum 4. Rhododendronfest in Bad Elster&nbsp; 14.05.2023<br \/>\n<\/span><\/p>\n<p>ngg_shortcode_87_placeholder<span style=\"color: #000000;\">&nbsp;<\/span><\/p>\n<p>&nbsp;<\/p>\n<p><span style=\"color: #000000;\">Dreil\u00e4ndereck Radtour&nbsp; 13.05.2023<br \/>\n<\/span><\/p>\n<p>ngg_shortcode_88_placeholder<span style=\"color: #000000;\">&nbsp;<\/span><\/p>\n<p>&nbsp;<\/p>\n<p>&nbsp;<\/p>\n<p><span style=\"color: #000000;\">Genusswanderung Adorf&nbsp; 21.04.2023<br \/>\n<\/span><\/p>\n<p>ngg_shortcode_89_placeholder<span style=\"color: #000000;\">&nbsp;<\/span><\/p>\n<p>&nbsp;<\/p>\n<p><span style=\"color: #000000;\">Osterwanderung &#8222;Auf Mockelsspuren&#8220; um Arnsgr\u00fcn&nbsp; 10.04.2023<br \/>\n<\/span><\/p>\n<p>ngg_shortcode_90_placeholder<span style=\"color: #000000;\">&nbsp;<\/span><\/p>\n<p>&nbsp;<\/p>\n<p><span style=\"color: #000000;\">Novy Hamry&nbsp; 10.02.-12.02.2023<br \/>\n<\/span><\/p>\n<p>ngg_shortcode_91_placeholder<span style=\"color: #000000;\">&nbsp;<\/span><\/p>\n<p>&nbsp;<\/p>\n<p><span style=\"color: #000000;\">Regnitzlosau&nbsp; 29.01.2023<br \/>\n<\/span><\/p>\n<p>ngg_shortcode_92_placeholder<span style=\"color: #000000;\">&nbsp;<\/span><\/p>\n<p>&nbsp;<\/p>\n<p>&nbsp;<\/p>\n<p>[\/et_pb_accordion_item][et_pb_accordion_item title=&#8220;2022&#8243; _builder_version=&#8220;3.0.92&#8243; use_background_color_gradient=&#8220;off&#8220; background_color_gradient_start=&#8220;#2b87da&#8220; background_color_gradient_end=&#8220;#29c4a9&#8243; background_color_gradient_type=&#8220;linear&#8220; background_color_gradient_direction=&#8220;180deg&#8220; background_color_gradient_direction_radial=&#8220;center&#8220; background_color_gradient_start_position=&#8220;0%&#8220; background_color_gradient_end_position=&#8220;100%&#8220; background_color_gradient_overlays_image=&#8220;off&#8220; parallax=&#8220;off&#8220; parallax_method=&#8220;on&#8220; background_size=&#8220;cover&#8220; background_position=&#8220;center&#8220; background_repeat=&#8220;no-repeat&#8220; background_blend=&#8220;normal&#8220; allow_player_pause=&#8220;off&#8220; closed_toggle_text_color=&#8220;#000000&#8243; closed_toggle_background_color=&#8220;#68d800&#8243;]<\/p>\n<h5 class=\"et_pb_toggle_title\">Nachtwanderung Schlo\u00dfgattendorf 05.011.2022<\/h5>\nngg_shortcode_93_placeholder\n<h5 class=\"et_pb_toggle_title\">Wanderung Pirk &#8211; Geilsdorf 16.10.2022<\/h5>\nngg_shortcode_94_placeholder\n<h5 class=\"et_pb_toggle_title\">Genusswanderung 07.10.2022 Sch\u00f6neck<\/h5>\nngg_shortcode_95_placeholder\n<h5 class=\"et_pb_toggle_title\">Loket\/Cz 28.08.2022<\/h5>\nngg_shortcode_96_placeholder\n<h5 class=\"et_pb_toggle_title\">Hainberg bei As\/Cz 21.08.2022<\/h5>\nngg_shortcode_97_placeholder\n<h5 class=\"et_pb_toggle_title\">Elsterberg 31.07.2022<\/h5>\nngg_shortcode_98_placeholder\n<h5 class=\"et_pb_toggle_title\">40. Triebeltalwanderung 17.07.2022<\/h5>\nngg_shortcode_99_placeholder\n<h5 class=\"et_pb_toggle_title\">Steinbr\u00fcche des Vogtlandes 26.06.2022<\/h5>\nngg_shortcode_100_placeholder\n<h5 class=\"et_pb_toggle_title\">Morgenwanderung Marieney 12.06.2022<\/h5>\nngg_shortcode_101_placeholder\n<h5 class=\"et_pb_toggle_title\">Vereinsradtour Oberes Vogtland 22.05.2022<\/h5>\nngg_shortcode_102_placeholder\n<h5 class=\"et_pb_toggle_title\">11. S\u00e4chsischer Wandertag in Plauen 20.05.-22.05.2022<\/h5>\nngg_shortcode_103_placeholder\n<h5 class=\"et_pb_toggle_title\">Rund um den Epprechtstein 14.05.2022<\/h5>\nngg_shortcode_104_placeholder\n<h5 class=\"et_pb_toggle_title\">Genusswanderung Skalna\/Cz 06.05.2022<\/h5>\nngg_shortcode_105_placeholder\n<h5 class=\"et_pb_toggle_title\">Greiz 23.04.2022<\/h5>\nngg_shortcode_106_placeholder\n<h5 class=\"et_pb_toggle_title\">Osterwanderung Eubabrunn 18.04.2022<\/h5>\nngg_shortcode_107_placeholder\n<h5 class=\"et_pb_toggle_title\">Genusswanderung Tho\u00dffell 08.04.2022<\/h5>\nngg_shortcode_108_placeholder\n<h5 class=\"et_pb_toggle_title\">Burgsteingebiet 20.03.2022<\/h5>\nngg_shortcode_109_placeholder\n<p>&nbsp;<\/p>\n<p>&nbsp;<\/p>\n<p>&nbsp;<\/p>\n<p>[\/et_pb_accordion_item][et_pb_accordion_item title=&#8220;2021&#8243; _builder_version=&#8220;3.0.92&#8243; use_background_color_gradient=&#8220;off&#8220; background_color_gradient_start=&#8220;#2b87da&#8220; background_color_gradient_end=&#8220;#29c4a9&#8243; background_color_gradient_type=&#8220;linear&#8220; background_color_gradient_direction=&#8220;180deg&#8220; background_color_gradient_direction_radial=&#8220;center&#8220; background_color_gradient_start_position=&#8220;0%&#8220; background_color_gradient_end_position=&#8220;100%&#8220; background_color_gradient_overlays_image=&#8220;off&#8220; parallax=&#8220;off&#8220; parallax_method=&#8220;on&#8220; background_size=&#8220;cover&#8220; background_position=&#8220;center&#8220; background_repeat=&#8220;no-repeat&#8220; background_blend=&#8220;normal&#8220; allow_player_pause=&#8220;off&#8220; closed_toggle_text_color=&#8220;#000000&#8243; closed_toggle_background_color=&#8220;#7cda24&#8243;]<\/p>\n<p>&nbsp;<\/p>\n<p><span style=\"color: #000000;\">Nachtwanderung Kirchenlamitz&nbsp; 06.11.2021<\/span><\/p>\nngg_shortcode_110_placeholder\n<p>&nbsp;<\/p>\n<p><span style=\"color: #000000;\">Genusswanderung Pechtelsgr\u00fcn&nbsp; 15.10.2021<\/span><\/p>\nngg_shortcode_111_placeholder\n<p>&nbsp;<\/p>\n<p><span style=\"color: #000000;\">Bad Brambach &#8211; Plesna \/ Cz &nbsp;10.10.2021<\/span><\/p>\nngg_shortcode_112_placeholder\n<p><span style=\"color: #000000;\">Kinderwanderung Papstleithen&nbsp; 02.10.2021<\/span><\/p>\n<p><a href=\"https:\/\/www.wanderfreunde-triebeltal.de\/wp-content\/uploads\/2021\/11\/PlakatKW2021_WEB.pdf\">PlakatKW2021_WEB<\/a>&nbsp;<\/p>\n<p>&nbsp;<\/p>\n<p><span style=\"color: #000000;\">Genusswanderung Sch\u00f6nbrunn&nbsp; 03.09.2021<\/span><\/p>\nngg_shortcode_113_placeholder\n<p>&nbsp;<\/p>\n<p><span style=\"color: #000000;\">Fr\u00f6bersgr\u00fcn&nbsp; 22.08.2021<\/span><\/p>\nngg_shortcode_114_placeholder\n<p>&nbsp;<\/p>\n<p><span style=\"color: #000000;\">Genusswanderung Leubnitz 30.07.2021<\/span><\/p>\nngg_shortcode_115_placeholder\n<p>&nbsp;<\/p>\n<p><span style=\"color: #000000;\">Gro\u00dfer Kornberg 27.06.2021<\/span><\/p>\nngg_shortcode_116_placeholder\n<p><strong>&nbsp;<\/strong><\/p>\n<p>&nbsp;<\/p>\n<p>&nbsp;<\/p>\n<p>&nbsp;<\/p>\n<p>&nbsp;<\/p>\n<p>[\/et_pb_accordion_item][et_pb_accordion_item title=&#8220;2020&#8243; _builder_version=&#8220;3.0.92&#8243; use_background_color_gradient=&#8220;off&#8220; background_color_gradient_start=&#8220;#2b87da&#8220; background_color_gradient_end=&#8220;#29c4a9&#8243; background_color_gradient_type=&#8220;linear&#8220; background_color_gradient_direction=&#8220;180deg&#8220; background_color_gradient_direction_radial=&#8220;center&#8220; background_color_gradient_start_position=&#8220;0%&#8220; background_color_gradient_end_position=&#8220;100%&#8220; background_color_gradient_overlays_image=&#8220;off&#8220; parallax=&#8220;off&#8220; parallax_method=&#8220;on&#8220; background_size=&#8220;cover&#8220; background_position=&#8220;center&#8220; background_repeat=&#8220;no-repeat&#8220; background_blend=&#8220;normal&#8220; allow_player_pause=&#8220;off&#8220; closed_toggle_text_color=&#8220;#000000&#8243; closed_toggle_background_color=&#8220;#68d800&#8243;]<\/p>\n<p>Nachtwanderung F\u00f6rmitzspeicher&nbsp; 24.10.2020<\/p>\nngg_shortcode_117_placeholder\n<p>Rundwanderung Greiz&nbsp; 18.10.2020<\/p>\nngg_shortcode_118_placeholder\n<p>Fahrradtouren Oelsnitz&nbsp; 11.10.2020<\/p>\nngg_shortcode_119_placeholder\n<p>Genusswanderung \u2013 60+ Markneukirchen&nbsp; 09.10.2020<\/p>\nngg_shortcode_120_placeholder\n<p>Wernitzgr\u00fcn&nbsp; 04.10.2020<\/p>\nngg_shortcode_121_placeholder\n<p>Festveranstaltung Freizeitpark Plohn&nbsp; 03.09.2020<\/p>\n<p>Sieger des Regionalwettbewerbs Sterne des Sports<\/p>\n<p>&nbsp;Am 03.09.2020 wurden im Rahmen einer Festveranstaltung im Freizeitpark Plohn durch die Volksbank Vogtland, dem Kreissportbund Vogtland und dem Kreissportbund Greiz Vereine f\u00fcr ihr besonderes gesellschaftliches Engagement ausgezeichnet.<\/p>\n<p>&nbsp;<\/p>\n<p>&nbsp;&nbsp; <a href=\"https:\/\/www.wanderfreunde-triebeltal.de\/wp-content\/uploads\/2021\/03\/Festveranstaltung.jpg\"><img loading=\"lazy\" decoding=\"async\" class=\"size-medium wp-image-5442 aligncenter\" src=\"https:\/\/www.wanderfreunde-triebeltal.de\/wp-content\/uploads\/2021\/03\/Festveranstaltung-300x225.jpg\" alt=\"\" width=\"300\" height=\"225\" srcset=\"https:\/\/www.wanderfreunde-triebeltal.de\/wp-content\/uploads\/2021\/03\/Festveranstaltung-300x225.jpg 300w, https:\/\/www.wanderfreunde-triebeltal.de\/wp-content\/uploads\/2021\/03\/Festveranstaltung-1024x768.jpg 1024w, https:\/\/www.wanderfreunde-triebeltal.de\/wp-content\/uploads\/2021\/03\/Festveranstaltung-768x576.jpg 768w, https:\/\/www.wanderfreunde-triebeltal.de\/wp-content\/uploads\/2021\/03\/Festveranstaltung-1536x1153.jpg 1536w, https:\/\/www.wanderfreunde-triebeltal.de\/wp-content\/uploads\/2021\/03\/Festveranstaltung-510x382.jpg 510w, https:\/\/www.wanderfreunde-triebeltal.de\/wp-content\/uploads\/2021\/03\/Festveranstaltung-1080x811.jpg 1080w, https:\/\/www.wanderfreunde-triebeltal.de\/wp-content\/uploads\/2021\/03\/Festveranstaltung.jpg 1599w\" sizes=\"auto, (max-width: 300px) 100vw, 300px\" \/><\/a>&nbsp;&nbsp;&nbsp;&nbsp;&nbsp;&nbsp;&nbsp;&nbsp;&nbsp;&nbsp;&nbsp;&nbsp;&nbsp;&nbsp; &nbsp;&nbsp;&nbsp;&nbsp;<\/p>\n<p>&nbsp;<\/p>\n<p>Im Bereich Regionalmarkt Oberes Vogtland belegte den<\/p>\n<p>&nbsp;<\/p>\n<p style=\"text-align: center;\">&nbsp;&nbsp;&nbsp;&nbsp;&nbsp;&nbsp;&nbsp;&nbsp;&nbsp;&nbsp;&nbsp;&nbsp;&nbsp;&nbsp;&nbsp;&nbsp;&nbsp;&nbsp; 1.Platz:&nbsp;&nbsp;&nbsp;&nbsp;&nbsp;&nbsp; Vogtl\u00e4ndischer Wanderverband e.V.<\/p>\n<p>&nbsp;<\/p>\n<p>&nbsp;&nbsp;&nbsp;&nbsp;&nbsp;&nbsp;&nbsp;&nbsp;&nbsp;&nbsp;&nbsp;&nbsp;&nbsp;&nbsp;&nbsp;&nbsp;&nbsp;<a href=\"https:\/\/www.wanderfreunde-triebeltal.de\/wp-content\/uploads\/2021\/03\/Auszeichning-2020-1.jpg\"><img loading=\"lazy\" decoding=\"async\" class=\"size-medium wp-image-5438 aligncenter\" src=\"https:\/\/www.wanderfreunde-triebeltal.de\/wp-content\/uploads\/2021\/03\/Auszeichning-2020-1-300x225.jpg\" alt=\"\" width=\"300\" height=\"225\" srcset=\"https:\/\/www.wanderfreunde-triebeltal.de\/wp-content\/uploads\/2021\/03\/Auszeichning-2020-1-300x225.jpg 300w, https:\/\/www.wanderfreunde-triebeltal.de\/wp-content\/uploads\/2021\/03\/Auszeichning-2020-1-1024x768.jpg 1024w, https:\/\/www.wanderfreunde-triebeltal.de\/wp-content\/uploads\/2021\/03\/Auszeichning-2020-1-768x576.jpg 768w, https:\/\/www.wanderfreunde-triebeltal.de\/wp-content\/uploads\/2021\/03\/Auszeichning-2020-1-1536x1152.jpg 1536w, https:\/\/www.wanderfreunde-triebeltal.de\/wp-content\/uploads\/2021\/03\/Auszeichning-2020-1-510x382.jpg 510w, https:\/\/www.wanderfreunde-triebeltal.de\/wp-content\/uploads\/2021\/03\/Auszeichning-2020-1-1080x810.jpg 1080w, https:\/\/www.wanderfreunde-triebeltal.de\/wp-content\/uploads\/2021\/03\/Auszeichning-2020-1.jpg 1600w\" sizes=\"auto, (max-width: 300px) 100vw, 300px\" \/><\/a><\/p>\n<p>&nbsp;<\/p>\n<p>&nbsp;<\/p>\n<p style=\"text-align: center;\">2. Platz:&nbsp; Wanderfreunde Triebeltal e.V.<\/p>\n<p>&nbsp;<\/p>\n<p><a href=\"https:\/\/www.wanderfreunde-triebeltal.de\/wp-content\/uploads\/2021\/03\/Auszeichnung-2020-Urkunde.jpg\"><img loading=\"lazy\" decoding=\"async\" class=\"size-medium wp-image-5439 aligncenter\" src=\"https:\/\/www.wanderfreunde-triebeltal.de\/wp-content\/uploads\/2021\/03\/Auszeichnung-2020-Urkunde-255x300.jpg\" alt=\"\" width=\"255\" height=\"300\" srcset=\"https:\/\/www.wanderfreunde-triebeltal.de\/wp-content\/uploads\/2021\/03\/Auszeichnung-2020-Urkunde-255x300.jpg 255w, https:\/\/www.wanderfreunde-triebeltal.de\/wp-content\/uploads\/2021\/03\/Auszeichnung-2020-Urkunde.jpg 561w\" sizes=\"auto, (max-width: 255px) 100vw, 255px\" \/><\/a><\/p>\n<p><a href=\"https:\/\/www.wanderfreunde-triebeltal.de\/wp-content\/uploads\/2021\/03\/Auszeichnung-2020-3.jpg\"><img loading=\"lazy\" decoding=\"async\" class=\"size-medium wp-image-5441 aligncenter\" src=\"https:\/\/www.wanderfreunde-triebeltal.de\/wp-content\/uploads\/2021\/03\/Auszeichnung-2020-3-300x225.jpg\" alt=\"\" width=\"300\" height=\"225\" srcset=\"https:\/\/www.wanderfreunde-triebeltal.de\/wp-content\/uploads\/2021\/03\/Auszeichnung-2020-3-300x225.jpg 300w, https:\/\/www.wanderfreunde-triebeltal.de\/wp-content\/uploads\/2021\/03\/Auszeichnung-2020-3-1024x768.jpg 1024w, https:\/\/www.wanderfreunde-triebeltal.de\/wp-content\/uploads\/2021\/03\/Auszeichnung-2020-3-768x576.jpg 768w, https:\/\/www.wanderfreunde-triebeltal.de\/wp-content\/uploads\/2021\/03\/Auszeichnung-2020-3-1536x1152.jpg 1536w, https:\/\/www.wanderfreunde-triebeltal.de\/wp-content\/uploads\/2021\/03\/Auszeichnung-2020-3-510x382.jpg 510w, https:\/\/www.wanderfreunde-triebeltal.de\/wp-content\/uploads\/2021\/03\/Auszeichnung-2020-3-1080x810.jpg 1080w, https:\/\/www.wanderfreunde-triebeltal.de\/wp-content\/uploads\/2021\/03\/Auszeichnung-2020-3.jpg 1600w\" sizes=\"auto, (max-width: 300px) 100vw, 300px\" \/><\/a><\/p>\n<p>&nbsp;<\/p>\n<p>Herzlichen Gl\u00fcckwusch den Preistr\u00e4gern.<\/p>\n<p>&nbsp;<\/p>\n<p>&nbsp;<\/p>\n<p>Genusswanderung \u2013 60+ Muldenberg&nbsp; 21.08.2020<\/p>\nngg_shortcode_122_placeholder\n<p>Oppenroth&nbsp; 16.08.2020<\/p>\nngg_shortcode_123_placeholder\n<p>Geigenbachtalsperre&nbsp; 09.08.2020<\/p>\nngg_shortcode_124_placeholder\n<p>Genusswanderung \u2013 60+ B\u00e4rendorf&nbsp; 10.07.2020<\/p>\nngg_shortcode_125_placeholder\n<p>Lochbauer&nbsp; 28.06.2020<\/p>\nngg_shortcode_126_placeholder\n<p>Nove Hamry&nbsp; 28.02. \u2013 01.03.2020<\/p>\nngg_shortcode_127_placeholder\n<p>4. Deutscher Winterwandertag in Sch\u00f6neck \u2013 Wanderung W2 am&nbsp; 25.01.2020<\/p>\nngg_shortcode_128_placeholder\n<p>&nbsp;<\/p>\n<p>[\/et_pb_accordion_item][et_pb_accordion_item title=&#8220;2019&#8243; _builder_version=&#8220;3.0.92&#8243; use_background_color_gradient=&#8220;off&#8220; background_color_gradient_start=&#8220;#2b87da&#8220; background_color_gradient_end=&#8220;#29c4a9&#8243; background_color_gradient_type=&#8220;linear&#8220; background_color_gradient_direction=&#8220;180deg&#8220; background_color_gradient_direction_radial=&#8220;center&#8220; background_color_gradient_start_position=&#8220;0%&#8220; background_color_gradient_end_position=&#8220;100%&#8220; background_color_gradient_overlays_image=&#8220;off&#8220; parallax=&#8220;off&#8220; parallax_method=&#8220;on&#8220; background_size=&#8220;cover&#8220; background_position=&#8220;center&#8220; background_repeat=&#8220;no-repeat&#8220; background_blend=&#8220;normal&#8220; allow_player_pause=&#8220;off&#8220; closed_toggle_background_color=&#8220;#68d800&#8243;]<\/p>\n<p>&nbsp;<\/p>\n<p><span style=\"display: inline !important; float: none; background-color: #ffffff; color: #333333; cursor: pointer; font-family: 'Open Sans',Arial,sans-serif; font-size: 20px; font-style: normal; font-variant: normal; font-weight: 500; letter-spacing: normal; line-height: 1em; -ms-text-size-adjust: 100%; orphans: 2; overflow-wrap: break-word; text-align: left; text-decoration: none; text-indent: 0px; text-transform: none; -webkit-text-stroke-width: 0px; white-space: normal; word-spacing: 0px;\">Jahresendwanderung Stra\u00dfberg &#8211; K\u00fcrbitz 28.12.2019<\/span><\/p>\nngg_shortcode_129_placeholder\n<p>&nbsp;<\/p>\n<p>&nbsp;<\/p>\n<p><span style=\"display: inline !important; float: none; background-color: #ffffff; color: #333333; cursor: pointer; font-family: 'Open Sans',Arial,sans-serif; font-size: 20px; font-style: normal; font-variant: normal; font-weight: 500; letter-spacing: normal; line-height: 1em; -ms-text-size-adjust: 100%; orphans: 2; overflow-wrap: break-word; text-align: left; text-decoration: none; text-indent: 0px; text-transform: none; -webkit-text-stroke-width: 0px; white-space: normal; word-spacing: 0px;\">Lichtlwanderung Umgebung Oelsnitz 01.12.2019<\/span><\/p>\nngg_shortcode_130_placeholder\n<p>&nbsp;<\/p>\n<p>&nbsp;<\/p>\n<p><span style=\"display: inline !important; float: none; background-color: #ffffff; color: #333333; cursor: pointer; font-family: 'Open Sans',Arial,sans-serif; font-size: 20px; font-style: normal; font-variant: normal; font-weight: 500; letter-spacing: normal; line-height: 1em; -ms-text-size-adjust: 100%; orphans: 2; overflow-wrap: break-word; text-align: left; text-decoration: none; text-indent: 0px; text-transform: none; -webkit-text-stroke-width: 0px; white-space: normal; word-spacing: 0px;\">Talsperre Hohenleuben 24.11.2019<\/span><\/p>\nngg_shortcode_131_placeholder\n<p>&nbsp;<\/p>\n<p>&nbsp;<\/p>\n<p><span style=\"display: inline !important; float: none; background-color: #ffffff; color: #333333; cursor: pointer; font-family: 'Open Sans',Arial,sans-serif; font-size: 20px; font-style: normal; font-variant: normal; font-weight: 500; letter-spacing: normal; line-height: 1em; -ms-text-size-adjust: 100%; orphans: 2; overflow-wrap: break-word; text-align: left; text-decoration: none; text-indent: 0px; text-transform: none; -webkit-text-stroke-width: 0px; white-space: normal; word-spacing: 0px;\">Nachtwanderung Stobersreuth 09.11.2019<\/span><\/p>\nngg_shortcode_132_placeholder\n<p>&nbsp;<\/p>\n<p>&nbsp;<\/p>\n<p><span style=\"display: inline !important; float: none; background-color: #ffffff; color: #333333; cursor: pointer; font-family: 'Open Sans',Arial,sans-serif; font-size: 20px; font-style: normal; font-variant: normal; font-weight: 500; letter-spacing: normal; line-height: 1em; -ms-text-size-adjust: 100%; orphans: 2; overflow-wrap: break-word; text-align: left; text-decoration: none; text-indent: 0px; text-transform: none; -webkit-text-stroke-width: 0px; white-space: normal; word-spacing: 0px;\">Gerstenbergrundweg 20.10.2019<\/span><\/p>\nngg_shortcode_133_placeholder\n<p>&nbsp;<\/p>\n<p>&nbsp;<\/p>\n<p><span style=\"display: inline !important; float: none; background-color: #ffffff; color: #333333; cursor: pointer; font-family: 'Open Sans',Arial,sans-serif; font-size: 20px; font-style: normal; font-variant: normal; font-weight: 500; letter-spacing: normal; line-height: 1em; -ms-text-size-adjust: 100%; orphans: 2; overflow-wrap: break-word; text-align: left; text-decoration: none; text-indent: 0px; text-transform: none; -webkit-text-stroke-width: 0px; white-space: normal; word-spacing: 0px;\">Genusswanderung &#8211; 60+ Arnsgr\u00fcner H\u00f6hen &#8211; Zeidelweidetal 11.10.2019<\/span><\/p>\nngg_shortcode_134_placeholder\n<p>&nbsp;<\/p>\n<p>&nbsp;<\/p>\n<p><span style=\"display: inline !important; float: none; background-color: #ffffff; color: #333333; cursor: pointer; font-family: 'Open Sans',Arial,sans-serif; font-size: 20px; font-style: normal; font-variant: normal; font-weight: 500; letter-spacing: normal; line-height: 1em; -ms-text-size-adjust: 100%; orphans: 2; overflow-wrap: break-word; text-align: left; text-decoration: none; text-indent: 0px; text-transform: none; -webkit-text-stroke-width: 0px; white-space: normal; word-spacing: 0px;\">B\u00e4rendorf 29.09.2019<\/span><\/p>\nngg_shortcode_135_placeholder\n<p>&nbsp;<\/p>\n<p>&nbsp;<\/p>\n<p><span style=\"display: inline !important; float: none; background-color: #ffffff; color: #333333; cursor: pointer; font-family: 'Open Sans',Arial,sans-serif; font-size: 20px; font-style: normal; font-variant: normal; font-weight: 500; letter-spacing: normal; line-height: 1em; -ms-text-size-adjust: 100%; orphans: 2; overflow-wrap: break-word; text-align: left; text-decoration: none; text-indent: 0px; text-transform: none; -webkit-text-stroke-width: 0px; white-space: normal; word-spacing: 0px;\">S\u00e4chsische Saalequelle 08.09.2019<\/span><\/p>\nngg_shortcode_136_placeholder\n<p>&nbsp;<\/p>\n<p>&nbsp;<\/p>\n<p><span style=\"display: inline !important; float: none; background-color: #ffffff; color: #333333; cursor: pointer; font-family: 'Open Sans',Arial,sans-serif; font-size: 20px; font-style: normal; font-variant: normal; font-weight: 500; letter-spacing: normal; line-height: 1em; -ms-text-size-adjust: 100%; orphans: 2; overflow-wrap: break-word; text-align: left; text-decoration: none; text-indent: 0px; text-transform: none; -webkit-text-stroke-width: 0px; white-space: normal; word-spacing: 0px;\">Kinderwanderung 31.08.2019<\/span><\/p>\nngg_shortcode_137_placeholder\n<p>&nbsp;<\/p>\n<p>&nbsp;<\/p>\n<p><span style=\"display: inline !important; float: none; background-color: #ffffff; color: #333333; cursor: pointer; font-family: 'Open Sans',Arial,sans-serif; font-size: 20px; font-style: normal; font-variant: normal; font-weight: 500; letter-spacing: normal; line-height: 1em; -ms-text-size-adjust: 100%; orphans: 2; overflow-wrap: break-word; text-align: left; text-decoration: none; text-indent: 0px; text-transform: none; -webkit-text-stroke-width: 0px; white-space: normal; word-spacing: 0px;\">Dankesch\u00f6nausfahrt Leipzig 25.08.2019<\/span><\/p>\nngg_shortcode_138_placeholder\n<p>&nbsp;<\/p>\n<p>&nbsp;<\/p>\n<p><span style=\"display: inline !important; float: none; background-color: #ffffff; color: #333333; cursor: pointer; font-family: 'Open Sans',Arial,sans-serif; font-size: 20px; font-style: normal; font-variant: normal; font-weight: 500; letter-spacing: normal; line-height: 1em; -ms-text-size-adjust: 100%; orphans: 2; overflow-wrap: break-word; text-align: left; text-decoration: none; text-indent: 0px; text-transform: none; -webkit-text-stroke-width: 0px; white-space: normal; word-spacing: 0px;\">Genusswanderung &#8211; 60+ M\u00fchlleiten 09.08.2019<\/span><\/p>\nngg_shortcode_139_placeholder\n<p>&nbsp;<\/p>\n<p>&nbsp;<\/p>\n<p><span style=\"display: inline !important; float: none; background-color: #ffffff; color: #333333; cursor: pointer; font-family: 'Open Sans',Arial,sans-serif; font-size: 20px; font-style: normal; font-variant: normal; font-weight: 500; letter-spacing: normal; line-height: 1em; -ms-text-size-adjust: 100%; orphans: 2; overflow-wrap: break-word; text-align: left; text-decoration: none; text-indent: 0px; text-transform: none; -webkit-text-stroke-width: 0px; white-space: normal; word-spacing: 0px;\">Naturwanderung 27.07.2019<\/span><\/p>\nngg_shortcode_140_placeholder\n<p>&nbsp;<\/p>\n<p>&nbsp;<\/p>\n<p><span style=\"display: inline !important; float: none; background-color: #ffffff; color: #333333; cursor: pointer; font-family: 'Open Sans',Arial,sans-serif; font-size: 20px; font-style: normal; font-variant: normal; font-weight: 500; letter-spacing: normal; line-height: 1em; -ms-text-size-adjust: 100%; orphans: 2; overflow-wrap: break-word; text-align: left; text-decoration: none; text-indent: 0px; text-transform: none; -webkit-text-stroke-width: 0px; white-space: normal; word-spacing: 0px;\">39. Triebeltalwanderung 21.07.2019<\/span><\/p>\nngg_shortcode_141_placeholder\n<p>&nbsp;<\/p>\n<p>&nbsp;<\/p>\n<p><span style=\"display: inline !important; float: none; background-color: #ffffff; color: #333333; cursor: pointer; font-family: 'Open Sans',Arial,sans-serif; font-size: 20px; font-style: normal; font-variant: normal; font-weight: 500; letter-spacing: normal; line-height: 1em; -ms-text-size-adjust: 100%; orphans: 2; overflow-wrap: break-word; text-align: left; text-decoration: none; text-indent: 0px; text-transform: none; -webkit-text-stroke-width: 0px; white-space: normal; word-spacing: 0px;\">Genusswanderung &#8211; 60+ Perlaser Turm 21.06.2019<\/span><\/p>\nngg_shortcode_142_placeholder\n<p>&nbsp;<\/p>\n<p>&nbsp;<\/p>\n<p><span style=\"display: inline !important; float: none; background-color: #ffffff; color: #333333; cursor: pointer; font-family: 'Open Sans',Arial,sans-serif; font-size: 20px; font-style: normal; font-variant: normal; font-weight: 500; letter-spacing: normal; line-height: 1em; -ms-text-size-adjust: 100%; orphans: 2; overflow-wrap: break-word; text-align: left; text-decoration: none; text-indent: 0px; text-transform: none; -webkit-text-stroke-width: 0px; white-space: normal; word-spacing: 0px;\">Talsperre Falkenstein &#8211; Ri\u00dfbr\u00fccke 19.05.2019<\/span><\/p>\nngg_shortcode_143_placeholder\n<p>&nbsp;<\/p>\n<p>&nbsp;<\/p>\n<p><span style=\"display: inline !important; float: none; background-color: #ffffff; color: #333333; cursor: pointer; font-family: 'Open Sans',Arial,sans-serif; font-size: 20px; font-style: normal; font-variant: normal; font-weight: 500; letter-spacing: normal; line-height: 1em; -ms-text-size-adjust: 100%; orphans: 2; overflow-wrap: break-word; text-align: left; text-decoration: none; text-indent: 0px; text-transform: none; -webkit-text-stroke-width: 0px; white-space: normal; word-spacing: 0px;\">Genusswanderung &#8211; 60+ Raun 10.05.2019<\/span><\/p>\nngg_shortcode_144_placeholder\n<p>&nbsp;<\/p>\n<p>&nbsp;<\/p>\n<p><span style=\"display: inline !important; float: none; background-color: #ffffff; color: #333333; cursor: pointer; font-family: 'Open Sans',Arial,sans-serif; font-size: 20px; font-style: normal; font-variant: normal; font-weight: 500; letter-spacing: normal; line-height: 1em; -ms-text-size-adjust: 100%; orphans: 2; overflow-wrap: break-word; text-align: left; text-decoration: none; text-indent: 0px; text-transform: none; -webkit-text-stroke-width: 0px; white-space: normal; word-spacing: 0px;\">Morgenwanderung Bergen &#8211; Gettengr\u00fcn 05.05.2019<\/span><\/p>\nngg_shortcode_145_placeholder\n<p>&nbsp;<\/p>\n<p>&nbsp;<\/p>\n<p><span style=\"display: inline !important; float: none; background-color: #ffffff; color: #333333; cursor: pointer; font-family: 'Open Sans',Arial,sans-serif; font-size: 20px; font-style: normal; font-variant: normal; font-weight: 500; letter-spacing: normal; line-height: 1em; -ms-text-size-adjust: 100%; orphans: 2; overflow-wrap: break-word; text-align: left; text-decoration: none; text-indent: 0px; text-transform: none; -webkit-text-stroke-width: 0px; white-space: normal; word-spacing: 0px;\">Osterwanderung Talsperre P\u00f6hl 22.04.2019<\/span><\/p>\nngg_shortcode_146_placeholder\n<p>&nbsp;<\/p>\n<p><span style=\"display: inline !important; float: none; background-color: #ffffff; color: #333333; cursor: pointer; font-family: 'Open Sans',Arial,sans-serif; font-size: 20px; font-style: normal; font-variant: normal; font-weight: 500; letter-spacing: normal; line-height: 1em; -ms-text-size-adjust: 100%; orphans: 2; overflow-wrap: break-word; text-align: left; text-decoration: none; text-indent: 0px; text-transform: none; -webkit-text-stroke-width: 0px; white-space: normal; word-spacing: 0px;\">Genusswanderung &#8211; 60+ Reumtengr\u00fcn 15.04.2019<\/span><\/p>\nngg_shortcode_147_placeholder\n<p>&nbsp;<\/p>\n<p>&nbsp;<\/p>\n<p><span style=\"display: inline !important; float: none; background-color: #ffffff; color: #333333; cursor: pointer; font-family: 'Open Sans',Arial,sans-serif; font-size: 20px; font-style: normal; font-variant: normal; font-weight: 500; letter-spacing: normal; line-height: 1em; -ms-text-size-adjust: 100%; orphans: 2; overflow-wrap: break-word; text-align: left; text-decoration: none; text-indent: 0px; text-transform: none; -webkit-text-stroke-width: 0px; white-space: normal; word-spacing: 0px;\">Thossen &#8211; Reuth 06.04.2019<\/span><\/p>\nngg_shortcode_148_placeholder\n<p>&nbsp;<\/p>\n<p>&nbsp;<\/p>\n<p><span style=\"display: inline !important; float: none; background-color: #ffffff; color: #333333; cursor: pointer; font-family: 'Open Sans',Arial,sans-serif; font-size: 20px; font-style: normal; font-variant: normal; font-weight: 500; letter-spacing: normal; line-height: 1em; -ms-text-size-adjust: 100%; orphans: 2; overflow-wrap: break-word; text-align: left; text-decoration: none; text-indent: 0px; text-transform: none; -webkit-text-stroke-width: 0px; white-space: normal; word-spacing: 0px;\">Wanderung Hazlov &#8211; Burg Seeberg &#8211; Liba &#8211; Polna 24.03.2019<\/span><\/p>\nngg_shortcode_149_placeholder\n<p>&nbsp;<\/p>\n<p>&nbsp;<\/p>\n<p><span style=\"display: inline !important; float: none; background-color: #ffffff; color: #333333; cursor: pointer; font-family: 'Open Sans',Arial,sans-serif; font-size: 20px; font-style: normal; font-variant: normal; font-weight: 500; letter-spacing: normal; line-height: 1em; -ms-text-size-adjust: 100%; orphans: 2; overflow-wrap: break-word; text-align: left; text-decoration: none; text-indent: 0px; text-transform: none; -webkit-text-stroke-width: 0px; white-space: normal; word-spacing: 0px;\">Fr\u00fchlingswanderung Plauen &#8211; Me\u00dfbach- Thiergarten 17.03.2019<\/span><\/p>\nngg_shortcode_150_placeholder\n<p>&nbsp;<\/p>\n<p>&nbsp;<\/p>\n<p><span style=\"display: inline !important; float: none; background-color: #ffffff; color: #333333; cursor: pointer; font-family: 'Open Sans',Arial,sans-serif; font-size: 20px; font-style: normal; font-variant: normal; font-weight: 500; letter-spacing: normal; line-height: 1em; -ms-text-size-adjust: 100%; orphans: 2; overflow-wrap: break-word; text-align: left; text-decoration: none; text-indent: 0px; text-transform: none; -webkit-text-stroke-width: 0px; white-space: normal; word-spacing: 0px;\">Winterwanderung Klingenthal 13.02.2019<\/span><\/p>\nngg_shortcode_151_placeholder\n<p>&nbsp;<\/p>\n<p>&nbsp;<\/p>\n<p><span style=\"display: inline !important; float: none; background-color: #ffffff; color: #000000; cursor: pointer; font-family: 'Open Sans',Arial,sans-serif; font-size: 20px; font-style: normal; font-variant: normal; font-weight: 500; letter-spacing: normal; line-height: 1em; -ms-text-size-adjust: 100%; orphans: 2; overflow-wrap: break-word; text-align: left; text-decoration: none; text-indent: 0px; text-transform: none; -webkit-text-stroke-width: 0px; white-space: normal; word-spacing: 0px;\">Novy Hamry 26.01. &#8211; 28.01.2019<\/span><\/p>\n<div><span style=\"color: #001000; font-size: x-large;\">Skiwochenende in Novy Hamry<br \/>\nVom 26.1. bis 28.1. 2019 trafen sich 17 Wanderfreunde vom Vogtl\u00e4ndischen Gebirgs- und Wanderverband zum traditionellen Skiwochenende im tschechischen Neuhammer. \u00dcbernachtet wurde traditionsgem\u00e4\u00df im Hotel Malamut, das sogar ein Schwimmbad sein eigen nennt.<br \/>\n7 Wanderfreunde vom Triebler Wanderverein und 4 Wanderfreunde vom Adorfer Wanderverein (inclusive unserer VGWV Pr\u00e4sidentin Kathrin Hager), 4 Alteingesessene Skiroutiniers&nbsp; und zwei G\u00e4ste erlebten ein schneereiches und kulturelles Langlaufwochenende.<br \/>\nNach Treff zum Mittagessen im Hotel starteten wir gegen halb zwei. Die eine Gruppe nahm die Wanderschuhe und die andere Gruppe die Skier unter die F\u00fc\u00dfe. Jens und Dolores, Haidrun,&nbsp; Bernd und Rainer unternahmen eine wundersch\u00f6ne Rundwanderung \u00fcber etwa 7 km durch die verschiedenen Ortsteile von Neuhammer. An der kleinen Kapelle oben am Waldrand lie\u00dfen wir unsere Blicke \u00fcber die tiefverschneite Landschaft schweifen.<br \/>\nDie andere 5-k\u00f6pfige Gruppe unter Leitung unseres alten, erfahrenen L\u00e4ufers Karl-Heinz K\u00fchn nutzte die Gunst der Stunde zu einer ca. 15 km langen Skitour \u00fcber den kr\u00e4ftigen Anstieg hinauf&nbsp; nach Rudne und dann ins Tal der Rolova bis zur Chaloupky und wieder zur\u00fcck ins Hotel.<br \/>\nNachdem uns das 3-k\u00f6pfige&nbsp; Huster-Profiteam,&nbsp; das bereits mit Rucksack in M\u00fchlleithen in die Spur ging, gegen 16.oo Uhr im Hotel erreichte, waren wir \u201evollz\u00e4hlig\u201c.<br \/>\n&nbsp;Nach dem kr\u00e4ftigen, teilweise scharfen Abendessen wurde gefachsimpelt, gewitzelt, getrunken und bei Gitarrenkl\u00e4ngen von Jens Weck kr\u00e4ftig mitgesungen.<br \/>\nAm Samstagmorgen wurde es ernst: Tief verschneit, mit mindestens 30 cm Neuschnee&nbsp; ohne Fr\u00fchsport \u2013 so pr\u00e4sentierte sich die \u00e4u\u00dfere Lage.&nbsp; Zwei Adorfer fuhren schon nach Hause \u2013 da waren wir nur noch 15. Karl-Heinz, B\u00e4rbel und&nbsp; ihr befreundetes Paar aus Chemnitz machten sich in Richtung&nbsp; Jeleni auf. Die anderen 11 Skienthusiasten st\u00fcrzten sich um 10.30 Uhr in den&nbsp; \u00fcberf\u00fcllten Zug nach Horni Platna. Die 3 Adorfer Spezialisten verlie\u00dfen uns schon in Pernink. Da waren`s nur noch 8. Unerschrocken von dem vielen Schnee in den Stra\u00dfen von Horni Platna und dem kr\u00e4ftigen Schneegest\u00f6ber, das uns auf dem langen Anstieg hinauf Richtung Plattenberg ins Gesicht blies, ging es weiter Richtung Magistrale. An der Verpflegungsh\u00fctte Ucervene jamy&nbsp; angekommen, nahmen wir \u201eFl\u00fcssigkeiten\u201c auf, wachsten um und entschieden uns, aufgrund der widrigen Witterungsbedingungen und dem geringen Rutschverhalten (bei Dolores rutschte es am schlechtesten), die geplante Strecke zu verk\u00fcrzen. Auf der Magistrale ging es hin\u00fcber nach Pernink. Nach zwei vergeblichen Versuchen, in einer Gastst\u00e4tte unter zu kommen, stiefelten wir mit geschulterten Skiern den Berg hinauf&nbsp; zum Nadrasie (Bahnhof). Am Skihang bewunderten wir etwas neidisch die Abfahrtsk\u00fcnste der&nbsp; kleinen Skihasen.<br \/>\nAm Abend waren alle wieder fr\u00f6hlich im Hotel Malamut bei gutem Essen und Trinken vereint. Helmut M\u00f6llemann erinnerte durch sein Auftreten im blauen&nbsp; Outfit an das 20-j\u00e4hrige Jubil\u00e4um der 5-t\u00e4gigen Skikammwanderung&nbsp; Zinnwald \u2013Muldenberg&nbsp; Anfang Februar 1999. Viele dachten dabei: \u201eWaren wir mal fit\u201c.&nbsp;<br \/>\nJens spielte f\u00fcr uns wieder fr\u00f6hliche und nachdenkliche Lieder und der alte wuschliche Huskie sah uns dabei tief in die Augen.<br \/>\nAm Sonntag zogen wir vor, doch keine Skitour zu unternehmen, die 3 Unentwegten aus Adorf machten sich jedoch auf, ihre Basis in M\u00fchlleithen per Ski zu erreichen. Bernd und Haidrun fuhren mit dem Zug nach Karlsbad.<br \/>\n&nbsp;N\u00e4chstes Jahr, so waren wir uns einig,&nbsp; soll sich auf jeden Fall wiedergetroffen werden \u2013 der Termin wurde bereits festgelegt: am 31. Januar bis zum 2. Februar 2020.<br \/>\nRI<\/span><\/div>\n<div>&nbsp;<\/div>\n<div><a href=\"https:\/\/www.wanderfreunde-triebeltal.de\/wp-content\/uploads\/2019\/02\/RSCN6650.jpg\"><img loading=\"lazy\" decoding=\"async\" class=\"alignnone size-medium wp-image-3839\" src=\"https:\/\/www.wanderfreunde-triebeltal.de\/wp-content\/uploads\/2019\/02\/RSCN6650-300x225.jpg\" alt=\"\" width=\"300\" height=\"225\" srcset=\"https:\/\/www.wanderfreunde-triebeltal.de\/wp-content\/uploads\/2019\/02\/RSCN6650-300x225.jpg 300w, https:\/\/www.wanderfreunde-triebeltal.de\/wp-content\/uploads\/2019\/02\/RSCN6650-768x576.jpg 768w, https:\/\/www.wanderfreunde-triebeltal.de\/wp-content\/uploads\/2019\/02\/RSCN6650-1024x768.jpg 1024w, https:\/\/www.wanderfreunde-triebeltal.de\/wp-content\/uploads\/2019\/02\/RSCN6650-510x382.jpg 510w, https:\/\/www.wanderfreunde-triebeltal.de\/wp-content\/uploads\/2019\/02\/RSCN6650-1080x810.jpg 1080w\" sizes=\"auto, (max-width: 300px) 100vw, 300px\" \/><\/a> <a href=\"https:\/\/www.wanderfreunde-triebeltal.de\/wp-content\/uploads\/2019\/02\/DSCN6648.jpg\"><img loading=\"lazy\" decoding=\"async\" class=\"alignnone size-medium wp-image-3838\" src=\"https:\/\/www.wanderfreunde-triebeltal.de\/wp-content\/uploads\/2019\/02\/DSCN6648-300x225.jpg\" alt=\"\" width=\"300\" height=\"225\" srcset=\"https:\/\/www.wanderfreunde-triebeltal.de\/wp-content\/uploads\/2019\/02\/DSCN6648-300x225.jpg 300w, https:\/\/www.wanderfreunde-triebeltal.de\/wp-content\/uploads\/2019\/02\/DSCN6648-768x576.jpg 768w, https:\/\/www.wanderfreunde-triebeltal.de\/wp-content\/uploads\/2019\/02\/DSCN6648-1024x768.jpg 1024w, https:\/\/www.wanderfreunde-triebeltal.de\/wp-content\/uploads\/2019\/02\/DSCN6648-510x382.jpg 510w, https:\/\/www.wanderfreunde-triebeltal.de\/wp-content\/uploads\/2019\/02\/DSCN6648-1080x810.jpg 1080w\" sizes=\"auto, (max-width: 300px) 100vw, 300px\" \/><\/a><\/div>\n<div>&nbsp;<\/div>\n<div>&nbsp;<\/div>\n<p>&nbsp;<\/p>\n<p><span style=\"display: inline !important; float: none; background-color: #ffffff; color: #333333; cursor: pointer; font-family: 'Open Sans',Arial,sans-serif; font-size: 20px; font-style: normal; font-variant: normal; font-weight: 500; letter-spacing: normal; line-height: 1em; -ms-text-size-adjust: 100%; orphans: 2; overflow-wrap: break-word; text-align: left; text-decoration: none; text-indent: 0px; text-transform: none; -webkit-text-stroke-width: 0px; white-space: normal; word-spacing: 0px;\">Winterwanderung Dr\u00f6da 13.01.2019<\/span><\/p>\n<p>ngg_shortcode_152_placeholder[\/et_pb_accordion_item][et_pb_accordion_item title=&#8220;2018&#8243; _builder_version=&#8220;3.0.92&#8243; use_background_color_gradient=&#8220;off&#8220; background_color_gradient_start=&#8220;#2b87da&#8220; background_color_gradient_end=&#8220;#29c4a9&#8243; background_color_gradient_type=&#8220;linear&#8220; background_color_gradient_direction=&#8220;180deg&#8220; background_color_gradient_direction_radial=&#8220;center&#8220; background_color_gradient_start_position=&#8220;0%&#8220; background_color_gradient_end_position=&#8220;100%&#8220; background_color_gradient_overlays_image=&#8220;off&#8220; parallax=&#8220;off&#8220; parallax_method=&#8220;on&#8220; background_size=&#8220;cover&#8220; background_position=&#8220;center&#8220; background_repeat=&#8220;no-repeat&#8220; background_blend=&#8220;normal&#8220; allow_player_pause=&#8220;off&#8220; closed_toggle_background_color=&#8220;#68d800&#8243;]<\/p>\n<p><span style=\"color: #000000;\"><strong>Jahresendwanderung Kleingera 28.12.2018<br \/>\n<\/strong><\/span><\/p>\nngg_shortcode_153_placeholder\n<p>&nbsp;<\/p>\n<p>&nbsp;<\/p>\n<p>&nbsp;<\/p>\n<p>&nbsp;<\/p>\n<p><strong>Nachtwanderung Oberprex 03.11.2018<\/strong><\/p>\nngg_shortcode_154_placeholder\n<p>&nbsp;<\/p>\n<p><strong>Ascher L\u00e4ndchen 31.10.2018<\/strong><\/p>\nngg_shortcode_155_placeholder\n<p>&nbsp;<\/p>\n<p><strong>Kinderwanderung 01.09.2018<\/strong><\/p>\nngg_shortcode_156_placeholder\n<p>&nbsp;<\/p>\n<p><strong>Genusswanderung Muldenberg 20.07.2018<\/strong><\/p>\nngg_shortcode_157_placeholder\n<p>&nbsp;<\/p>\n<p><strong>38. TTW 15.07.2018<\/strong><\/p>\n<p>Originelle Tour lockt Wanderer an<br \/>\nErschienen am 16.07.2018 in der Zeitung &#8222;Freie Presse&#8220;&nbsp; von Thomas Gr\u00e4f<\/p>\n<p><img loading=\"lazy\" decoding=\"async\" class=\"alignnone size-medium wp-image-3569\" src=\"https:\/\/www.wanderfreunde-triebeltal.de\/wp-content\/uploads\/2018\/07\/Bild1-300x215.jpg\" alt=\"\" width=\"300\" height=\"215\" srcset=\"https:\/\/www.wanderfreunde-triebeltal.de\/wp-content\/uploads\/2018\/07\/Bild1-300x215.jpg 300w, https:\/\/www.wanderfreunde-triebeltal.de\/wp-content\/uploads\/2018\/07\/Bild1.jpg 603w\" sizes=\"auto, (max-width: 300px) 100vw, 300px\" \/><\/p>\n<p>Karl-Heinz B\u00e4r aus Schwarzenbach an der Saale wurde als Teilnehmer Nummer 27.000 in der Historie der Triebeltalwanderung geehrt.<br \/>\nFoto: Thomas Gr\u00e4f<\/p>\n<p><img loading=\"lazy\" decoding=\"async\" class=\"alignnone size-medium wp-image-3570\" src=\"https:\/\/www.wanderfreunde-triebeltal.de\/wp-content\/uploads\/2018\/07\/Bild2-200x300.jpg\" alt=\"\" width=\"200\" height=\"300\" srcset=\"https:\/\/www.wanderfreunde-triebeltal.de\/wp-content\/uploads\/2018\/07\/Bild2-200x300.jpg 200w, https:\/\/www.wanderfreunde-triebeltal.de\/wp-content\/uploads\/2018\/07\/Bild2.jpg 289w\" sizes=\"auto, (max-width: 200px) 100vw, 200px\" \/><\/p>\n<p>Der zehn Monate junge Jannek Stefan Pfeffer war j\u00fcngster Teilnehmer.<br \/>\nFoto: Thomas Gr\u00e4f<\/p>\n<p><img loading=\"lazy\" decoding=\"async\" class=\"alignnone size-medium wp-image-3571\" src=\"https:\/\/www.wanderfreunde-triebeltal.de\/wp-content\/uploads\/2018\/07\/Bild3-300x153.jpg\" alt=\"\" width=\"300\" height=\"153\" srcset=\"https:\/\/www.wanderfreunde-triebeltal.de\/wp-content\/uploads\/2018\/07\/Bild3-300x153.jpg 300w, https:\/\/www.wanderfreunde-triebeltal.de\/wp-content\/uploads\/2018\/07\/Bild3.jpg 654w\" sizes=\"auto, (max-width: 300px) 100vw, 300px\" \/><\/p>\n<p>646 Wanderer waren gestern bei strahlendem Sonnenschein und Temperaturen um die 25 Grad unterwegs. Da freute man sich auch \u00fcber den einen oder anderen Meter im Schatten.<br \/>\nFoto: Thomas Gr\u00e4f<\/p>\n<p>Triebel.<br \/>\nNeben einer gef\u00fchrten Wanderung \u00fcber sieben Kilometer, an der sich 95 G\u00e4ste beteiligten, standen Strecken \u00fcber 12, 19 und 26 Kilometer bei der 38. Triebeltalwanderung zur Wahl. Mit 332 entschied sich die gro\u00dfe Mehrheit f\u00fcr die Zw\u00f6lf-Kilometer-Tour. 162 Wanderer liefen die 19 Kilometer, immerhin noch 56 die l\u00e4ngste Variante \u00fcber 26.<br \/>\nAuch wenn die diesj\u00e4hrige Zahl weit hinter den 961 Teilnehmern des Vorjahres zur\u00fcckblieb, zeigte sich Vereinschef Rainer Ittner vollauf zufrieden. &#8222;2017 war das hier ja gleichzeitig S\u00e4chsischer Verbandswandertag, das hatte uns einige Teilnehmer mehr eingebracht. Aber viele unserer Stammg\u00e4ste haben uns auch dieses Jahr nicht im Stich gelassen. Und mit den 646 Leuten liegen wir sogar ein wenig \u00fcber den Zahlen der letzten Jahre.&#8220;<br \/>\nJ\u00fcngster Teilnehmer war gestern der erst zehn Monate alte Jannek Stefan Pfeffer, der sich allerdings tragen beziehungsweise schieben lie\u00df. Seinen Uropa, die Triebeler Legende Harti Schmidt, h\u00e4tte der Anblick sicher gefreut. Die Ehre des \u00e4ltesten Wanderers wurde einmal mehr Willi Ronz aus Plauen zuteil. Er wird bald 91 Jahre alt. Der Wanderer mit der weitesten Anreise kam aus Garbsen bei Hannover. Mit dem aktuell in Oelsnitz ans\u00e4ssigen Amir Avdiv war erstmals ein Wandergast aus dem Kosovo in Triebel dabei.<br \/>\nAuch zahlreichen Vereine waren angereist. So aus Riesa, Zwickau, Schwarzenberg, Reichenbach, Klingenthal oder Schwarzenbach an der Saale. Aus den Reihen des befreundeten oberfr\u00e4nkischen Vereins wurde auch der 27.000 Besucher gek\u00fcrt. Karl-Heinz B\u00e4r wurde diese Ehre zuteil. &#8222;Wir sind ja mit unseren Leuten hier dabei, seit es m\u00f6glich ist. Daraus ist mittlerweile eine intensive Wanderfreundschaft zwischen beiden Vereinen entstanden&#8220;, sagte er. &#8222;Die Triebeler sind auch bei unserer Wanderung im August stets dabei und fahren bei unseren Ausfahrten mit und wir bei ihren.&#8220; Die Triebeler Tour steche aus der Masse hervor. B\u00e4r: &#8222;Das ist hier alles sehr originell aufgezogen, mit der Musik an den Kontrollpunkten oder den Figuren wie Moosmaa oder Moosweibel, das kannten wir ja anfangs gar nicht.&#8220;<br \/>\nDas war bei weitem nicht das einzige Lob, das Vereinschef Rainer Ittner und seine rund 60 Helfer einheimsten. Ittner stolz: Wir stemmen die Veranstaltung mit Hilfe der Freiwilligen Feuerwehr ja praktisch allein, das ist aller Ehren wert.&#8220; Ein ganz kleiner Wermutstropfen fiel aber trotzdem in den gro\u00dfen Freudenbecher der Triebeltaler. Die nun schon zum zweiten Mal angebotene und mit viel Aufwand vorbereitete Wanderung per GPS-Daten nahm lediglich ein einziger Teilnehmer in Angriff. Bei der Premiere im Vorjahr gab es auch nur zwei Interessenten. Ittner ratlos: &#8222;Wir wollten mit Hilfe des Geoportals des Vogtlandkreises einfach nur etwas Originelles anbieten. Ich wei\u00df auch nicht, warum wir mit dieser Geschichte fast niemanden erreichen. Irgendwie bekommen wir da keinen Zugang zu dieser Szene, die sich f\u00fcr so etwas begeistern kann.&#8220;<\/p>\n<p>&nbsp;<\/p>\n<p><strong>SWBV &#8211; Wandertag Dresden 17.06.2018<\/strong><\/p>\nngg_shortcode_158_placeholder\n<p>&nbsp;<\/p>\n<p><strong>Genusswanderung Geilsdorf 20.04.2018<\/strong><\/p>\nngg_shortcode_159_placeholder\n<p>&nbsp;<\/p>\n<p><strong>Fr\u00fchlingswanderung Neunm\u00fchlental 15.04.2018<\/strong><\/p>\nngg_shortcode_160_placeholder\n<p>&nbsp;<\/p>\n<p><strong>Leubnitz &#8211; Teufelskanzel 24.03.2018<\/strong><\/p>\nngg_shortcode_161_placeholder\n<p>&nbsp;<\/p>\n<p><strong>Fr\u00fchlingswanderung Rothentaler Alpen<\/strong><\/p>\nngg_shortcode_162_placeholder\n<p>&nbsp;<\/p>\n<p><strong>Novy Hamry 09.02 &#8211; 11.02.2018<\/strong><\/p>\nngg_shortcode_163_placeholder\n<p>&nbsp;<\/p>\n<p><strong>Winterwanderung Wiedersberg &#8211; Haid 04.02.2018<\/strong><\/p>\n<p>ngg_shortcode_164_placeholder[\/et_pb_accordion_item][et_pb_accordion_item title=&#8220;2017&#8243; _builder_version=&#8220;3.0.92&#8243; use_background_color_gradient=&#8220;off&#8220; background_color_gradient_start=&#8220;#2b87da&#8220; background_color_gradient_end=&#8220;#29c4a9&#8243; background_color_gradient_type=&#8220;linear&#8220; background_color_gradient_direction=&#8220;180deg&#8220; background_color_gradient_direction_radial=&#8220;center&#8220; background_color_gradient_start_position=&#8220;0%&#8220; background_color_gradient_end_position=&#8220;100%&#8220; background_color_gradient_overlays_image=&#8220;off&#8220; parallax=&#8220;off&#8220; parallax_method=&#8220;on&#8220; background_size=&#8220;cover&#8220; background_position=&#8220;center&#8220; background_repeat=&#8220;no-repeat&#8220; background_blend=&#8220;normal&#8220; allow_player_pause=&#8220;off&#8220; closed_toggle_background_color=&#8220;#68d800&#8243;]<\/p>\n<p><strong>Jahresendwanderung Pabstleithen 28.12.2017<\/strong><\/p>\nngg_shortcode_165_placeholder\n<p>&nbsp;<\/p>\n<p><strong>Genusswanderung Carlsfeld 26.11.2017<\/strong><\/p>\nngg_shortcode_166_placeholder\n<p>&nbsp;<\/p>\n<p><strong>Nachtwanderung Unterw\u00fcrschnitz 18.11.2017<\/strong><\/p>\nngg_shortcode_167_placeholder\n<p>&nbsp;<\/p>\n<p><strong>Wanderweg zu den Schicksalsorten (WSO) von Triebel bis Wiedersberg&nbsp; 19.10.2017<\/strong><\/p>\nngg_shortcode_168_placeholder\n<p>&nbsp;<\/p>\n<p><strong>Wanderung Klingenthal &#8211; Kraslice&nbsp; 14.10.2017<\/strong><\/p>\nngg_shortcode_169_placeholder\n<p>&nbsp;<\/p>\n<p><strong>14. Sternwanderung Hof &#8211; Plauen -Asch&nbsp; 01.10.2017<\/strong><\/p>\nngg_shortcode_170_placeholder\n<p>&nbsp;<\/p>\n<p><strong>Wanderausfahrt Chiemsee&nbsp; 09.09.2017 &#8211; 16.09.2017<\/strong><\/p>\n<p><span style=\"color: #0000ff;\">1. Tag Almwanderung<\/span><\/p>\nngg_shortcode_171_placeholder\n<p><span style=\"color: #0000ff;\">2. Tag Wanderung und Besichtigung Schlo\u00df Herrenchiemsee<\/span><\/p>\nngg_shortcode_172_placeholder\n<p>3<span style=\"color: #0000ff;\">. Tag Wanderung um den Chiemsee und Bowlingabend&nbsp;<\/span><\/p>\nngg_shortcode_173_placeholder\n<p><span style=\"color: #0000ff;\">4. Tag Salzburg und geselliger Abend<\/span><\/p>\nngg_shortcode_174_placeholder\n<p><span style=\"color: #0000ff;\">5.Tag Winkelmoosalm<\/span><\/p>\nngg_shortcode_175_placeholder\n<p><span style=\"color: #0000ff;\">6. Tag Kampenwand und Umgebung<\/span><\/p>\nngg_shortcode_176_placeholder\n<p>&nbsp;<\/p>\n<p><strong>Kinderwanderung Rund um Triebel 26.08.2017<\/strong><\/p>\nngg_shortcode_177_placeholder\n<p>&nbsp;<\/p>\n<p><strong>Dankesch\u00f6nausfahrt Erzgebirgische Liedertour&nbsp; 20.08.2017<\/strong><\/p>\nngg_shortcode_178_placeholder\n<p>&nbsp;<\/p>\n<p><strong>Fassmannsreuth &#8211; Europabr\u00fccke M\u00e4hring&nbsp; 29.07.2017<\/strong><\/p>\nngg_shortcode_179_placeholder\n<p>&nbsp;<\/p>\n<p><strong>37. Triebeltalwanderung&nbsp; 16.07.2017<\/strong><\/p>\n<p><span style=\"color: #3366ff;\">\u00dcbersichtskarte<\/span><\/p>\n<p><img loading=\"lazy\" decoding=\"async\" class=\"alignnone size-medium wp-image-1972\" src=\"https:\/\/www.wanderfreunde-triebeltal.de\/wp-content\/uploads\/2017\/06\/37.TTW_7121926_km-300x232.jpg\" alt=\"\" width=\"300\" height=\"232\" srcset=\"https:\/\/www.wanderfreunde-triebeltal.de\/wp-content\/uploads\/2017\/06\/37.TTW_7121926_km-300x232.jpg 300w, https:\/\/www.wanderfreunde-triebeltal.de\/wp-content\/uploads\/2017\/06\/37.TTW_7121926_km-768x595.jpg 768w, https:\/\/www.wanderfreunde-triebeltal.de\/wp-content\/uploads\/2017\/06\/37.TTW_7121926_km.jpg 793w\" sizes=\"auto, (max-width: 300px) 100vw, 300px\" \/><\/p>\nngg_shortcode_180_placeholder\n<p><strong>Breitenfeld und Umgebung&nbsp; 05.06.2017<\/strong><\/p>\nngg_shortcode_181_placeholder\n<p>&nbsp;<\/p>\n<p><strong>Hohenberg an der Eger&nbsp; 21.05.2017<\/strong><\/p>\nngg_shortcode_182_placeholder\n<p>&nbsp;<\/p>\n<p><strong>Wanderung Elsterperlenweg Berga &#8211; W\u00fcnschendorf&nbsp; 01.05.2017<\/strong><\/p>\nngg_shortcode_183_placeholder\n<p><strong>Osterwanderung Zobes und Umgebung&nbsp; 17.04.2017<\/strong><\/p>\nngg_shortcode_184_placeholder\n<p>&nbsp;<\/p>\n<p><strong>Fr\u00fchlingswanderung Heinsdorfergrund&nbsp; 26.03.2017<\/strong><\/p>\nngg_shortcode_185_placeholder\n<p>&nbsp;<\/p>\n<p><strong>&#8222;Sonnenuntergang im Wanderparadies Erlbach&#8220;&nbsp; 11.03.2017<\/strong><\/p>\nngg_shortcode_186_placeholder\n<p>&nbsp;<\/p>\n<p><strong>Winterwanderung Oelsnitz &#8222;Rindimmedim im de Siedlung rim&#8220;&nbsp; 25.02.2017<\/strong><\/p>\nngg_shortcode_187_placeholder\n<p>&nbsp;<\/p>\n<p><strong>Winterwanderung Sachsgr\u00fcn &#8211; Gumpersreuth&nbsp; 15.01.2017&nbsp;<\/strong><\/p>\n<p>ngg_shortcode_188_placeholder[\/et_pb_accordion_item][et_pb_accordion_item title=&#8220;2016&#8243; _builder_version=&#8220;3.0.92&#8243; use_background_color_gradient=&#8220;off&#8220; background_color_gradient_start=&#8220;#2b87da&#8220; background_color_gradient_end=&#8220;#29c4a9&#8243; background_color_gradient_type=&#8220;linear&#8220; background_color_gradient_direction=&#8220;180deg&#8220; background_color_gradient_direction_radial=&#8220;center&#8220; background_color_gradient_start_position=&#8220;0%&#8220; background_color_gradient_end_position=&#8220;100%&#8220; background_color_gradient_overlays_image=&#8220;off&#8220; parallax=&#8220;off&#8220; parallax_method=&#8220;on&#8220; background_size=&#8220;cover&#8220; background_position=&#8220;center&#8220; background_repeat=&#8220;no-repeat&#8220; background_blend=&#8220;normal&#8220; allow_player_pause=&#8220;off&#8220; closed_toggle_background_color=&#8220;#68d800&#8243;]<\/p>\n<p><strong>Triebeltalwanderung 2016<\/strong><\/p>\nngg_shortcode_189_placeholder\n<p>&nbsp;<\/p>\n<p><strong>Kinderwanderung mit Waldolympiade 3.9.<\/strong><\/p>\nngg_shortcode_190_placeholder\n<p style=\"text-align: left;\">Traditionell am 1. Samstag im September luden die Wanderfreunde Triebeltal zur Kinderwanderung ein. Bei sonnigem Wetter um die 30 Grad trafen sich 14 Kinder und Jugendliche und 15 Erwachsene am Waldbad Triebel. Unter dem Motto \u201eWaldolympiade\u201c ging es nach kurzer gymnastischer Erw\u00e4rmung unter der Leitung von Rainer und Andra Ittner und der Ingrid Richter auf die ca. 2,5 km Strecke. An der ersten Station am Waldrand des Wiesengrundes hatten die Kinder bei kleinen sportlichen Einlagen wie Hindernislauf und Sackh\u00fcpfen viel Spass. Unterwegs am E3 erkl\u00e4rte Rainer die Wandermarkierungen. An der zweiten Station im Wald konnten alle beim Tauziehen ihre Kr\u00e4fte messen. An der dritten Station wurden Luftballons aufgeblasen und h\u00fcpfen lassen. Mit einem gro\u00dfen Tuch wurden die Luftballons an die vierte Station gemeinschaftlich getragen. Hier an dieser Stelle unterhalb des Vipassana-Gel\u00e4ndes wurden alle zum Kugel- und Gewichtesto\u00dfens aufgefordert. Schlie\u00dflich ging es im Sprint \u00fcber die Wiese hinunter zum Waldbad. Hier konnten sich alle bei Wienern und Speckfettbrot und Tee von den \u201eStrapazen\u201c erholen und st\u00e4rken. Anschlie\u00dfend bekam jedes Kind eine kleine Urkunde in Form einer gedruckten Postkarte \u00fcberreicht. Einige Kinder nutzten die M\u00f6glichkeit im Anschluss baden zu gehen. Ein sch\u00f6ner erlebnisreicher Nachmittag ging zu Ende.<\/p>\n<p style=\"text-align: left;\">&nbsp;<\/p>\n<p style=\"text-align: left;\"><strong>Verbandswandertag&nbsp; 7.\/8. 10. in Wilthen<\/strong><\/p>\n<p style=\"text-align: left;\"><img loading=\"lazy\" decoding=\"async\" class=\"alignnone size-medium wp-image-1581\" src=\"https:\/\/www.wanderfreunde-triebeltal.de\/wp-content\/uploads\/2016\/11\/Wilthen2-300x201.jpg\" alt=\"\" width=\"300\" height=\"201\" srcset=\"https:\/\/www.wanderfreunde-triebeltal.de\/wp-content\/uploads\/2016\/11\/Wilthen2-300x201.jpg 300w, https:\/\/www.wanderfreunde-triebeltal.de\/wp-content\/uploads\/2016\/11\/Wilthen2-768x515.jpg 768w, https:\/\/www.wanderfreunde-triebeltal.de\/wp-content\/uploads\/2016\/11\/Wilthen2.jpg 888w\" sizes=\"auto, (max-width: 300px) 100vw, 300px\" \/> <img loading=\"lazy\" decoding=\"async\" class=\"alignnone size-medium wp-image-1580\" src=\"https:\/\/www.wanderfreunde-triebeltal.de\/wp-content\/uploads\/2016\/11\/Wilthen1-290x300.jpg\" alt=\"\" width=\"290\" height=\"300\" srcset=\"https:\/\/www.wanderfreunde-triebeltal.de\/wp-content\/uploads\/2016\/11\/Wilthen1-290x300.jpg 290w, https:\/\/www.wanderfreunde-triebeltal.de\/wp-content\/uploads\/2016\/11\/Wilthen1-768x796.jpg 768w, https:\/\/www.wanderfreunde-triebeltal.de\/wp-content\/uploads\/2016\/11\/Wilthen1.jpg 800w\" sizes=\"auto, (max-width: 290px) 100vw, 290px\" \/><br \/>\nDie \u00dcbergabe des Staffelstabes an den Wanderverein Triebeltal<br \/>\nQuelle: SWBV.de \u2013&nbsp; Das war der Verbandswandertag&nbsp; 2016 in Wilthen<\/p>\n<div>Auszug aus dem Mitteilungsblatt Heft 4\/2016 Seite 13 vom S\u00e4chsischen Wander- und Bergsportverband e.V.:<\/div>\n<div>&nbsp;<\/div>\n<div>Titel: Das war unser Verbandswandertag 2016 bei den Naturfreunden in Wilthen<\/div>\n<div>&nbsp;<\/div>\n<div>\u2026\u2026.&nbsp; \u201eMichael Herfort, B\u00fcrgermeister der Stadt Wilthen, \u00fcberbrachte Gl\u00fcckw\u00fcnsche f\u00fcr die gelungene Veranstaltung und hie\u00df alle Wanderer in Wilthen recht herzlich willkommen. Und als dann auch noch erstmalig unser Staffelstab vom Ausrichter 2016 an die Schatzmeisterin der Wanderfreunde Triebeltal, die ihre 37. Triebeltalwanderung \u201eRindimmedim im Triebel rim\u201c&nbsp; als Verbandswandertag ausrichten werden, \u00fcbergeben wurde, war die Stimmung gro\u00dfartig. Kathrin Hager lud alle Wanderer zum n\u00e4chsten Verbandswandertag f\u00fcr Sonntag, den 16. Juli 2017 ins Vogtland ein.\u201c \u2026\u2026<\/div>\n<div>&nbsp;<\/div>\n<div>Quelle: Text und Fotos: G\u00fcnter Sch\u00e4fer \/ Bernhard M\u00fcller<\/div>\n<p style=\"text-align: left;\">&nbsp;<\/p>\n<p style=\"text-align: left;\">&nbsp;<\/p>\n<p><strong>Knollensteigwanderung 16.10.<\/strong><\/p>\nngg_shortcode_191_placeholder\n<p>&nbsp;<\/p>\n<p><strong>Wanderung Rund um R\u00fctzengr\u00fcn 23.10.<\/strong><\/p>\nngg_shortcode_192_placeholder\n<p>&nbsp;<\/p>\n<p><strong>Lichtle Wanderung 27.11.<\/strong><\/p>\n<p>ngg_shortcode_193_placeholder[\/et_pb_accordion_item][et_pb_accordion_item title=&#8220;2015&#8243; _builder_version=&#8220;3.0.92&#8243; use_background_color_gradient=&#8220;off&#8220; background_color_gradient_start=&#8220;#2b87da&#8220; background_color_gradient_end=&#8220;#29c4a9&#8243; background_color_gradient_type=&#8220;linear&#8220; background_color_gradient_direction=&#8220;180deg&#8220; background_color_gradient_direction_radial=&#8220;center&#8220; background_color_gradient_start_position=&#8220;0%&#8220; background_color_gradient_end_position=&#8220;100%&#8220; background_color_gradient_overlays_image=&#8220;off&#8220; parallax=&#8220;off&#8220; parallax_method=&#8220;on&#8220; background_size=&#8220;cover&#8220; background_position=&#8220;center&#8220; background_repeat=&#8220;no-repeat&#8220; background_blend=&#8220;normal&#8220; allow_player_pause=&#8220;off&#8220; closed_toggle_text_color=&#8220;#000000&#8243; closed_toggle_background_color=&#8220;#68d800&#8243;]<\/p>\n<p><strong>Wanderung mit Stefanie und Eberhard Hertel<\/strong><\/p>\n<p>ngg_shortcode_194_placeholder<strong>&nbsp;<\/strong><\/p>\n<p>&nbsp;<\/p>\n<p>&nbsp;<\/p>\n<p>&nbsp;<\/p>\n<p>&nbsp;<\/p>\n<p>[\/et_pb_accordion_item][\/et_pb_accordion][\/et_pb_column][\/et_pb_row][\/et_pb_section]<\/p>\n","protected":false},"excerpt":{"rendered":"<p>[et_pb_section bb_built=&#8220;1&#8243; fullwidth=&#8220;on&#8220; specialty=&#8220;off&#8220;][et_pb_fullwidth_header title=&#8220;R\u00fcckblicke auf die vergangenen Jahre&#8220; background_layout=&#8220;dark&#8220; text_orientation=&#8220;center&#8220; header_fullscreen=&#8220;off&#8220; header_scroll_down=&#8220;off&#8220; background_url=&#8220;https:\/\/www.wanderfreunde-triebeltal.de\/wp-content\/uploads\/2016\/05\/2005-21.jpg&#8220; parallax=&#8220;off&#8220; parallax_method=&#8220;off&#8220; content_orientation=&#8220;center&#8220; image_orientation=&#8220;center&#8220; title_font=&#8220;|on|||&#8220; title_font_size=&#8220;26px&#8220; custom_button_one=&#8220;off&#8220; button_one_letter_spacing=&#8220;0&#8243; button_one_use_icon=&#8220;default&#8220; button_one_icon_placement=&#8220;right&#8220; button_one_on_hover=&#8220;on&#8220; button_one_letter_spacing_hover=&#8220;0&#8243; custom_button_two=&#8220;off&#8220; button_two_letter_spacing=&#8220;0&#8243; button_two_use_icon=&#8220;default&#8220; button_two_icon_placement=&#8220;right&#8220; button_two_on_hover=&#8220;on&#8220; button_two_letter_spacing_hover=&#8220;0&#8243; background_image=&#8220;https:\/\/www.wanderfreunde-triebeltal.de\/wp-content\/uploads\/2016\/05\/2005-21.jpg&#8220; _builder_version=&#8220;3.0.92&#8243;] &nbsp; [\/et_pb_fullwidth_header][\/et_pb_section][et_pb_section bb_built=&#8220;1&#8243; fullwidth=&#8220;off&#8220; specialty=&#8220;off&#8220;][et_pb_row background_position=&#8220;top_left&#8220; background_repeat=&#8220;repeat&#8220; background_size=&#8220;initial&#8220;][et_pb_column type=&#8220;4_4&#8243;][et_pb_accordion use_border_color=&#8220;off&#8220; open_toggle_background_color=&#8220;rgba(92,244,9,0.35)&#8220; _builder_version=&#8220;3.0.92&#8243;][et_pb_accordion_item _builder_version=&#8220;3.0.92&#8243; title=&#8220;2025&#8243; use_background_color_gradient=&#8220;off&#8220; background_color_gradient_start=&#8220;#2b87da&#8220; background_color_gradient_end=&#8220;#29c4a9&#8243; background_color_gradient_type=&#8220;linear&#8220; background_color_gradient_direction=&#8220;180deg&#8220; background_color_gradient_direction_radial=&#8220;center&#8220; background_color_gradient_start_position=&#8220;0%&#8220; [&hellip;]<\/p>\n","protected":false},"author":1,"featured_media":0,"parent":0,"menu_order":0,"comment_status":"closed","ping_status":"closed","template":"","meta":{"ngg_post_thumbnail":0,"footnotes":""},"class_list":["post-1154","page","type-page","status-publish","hentry"],"_links":{"self":[{"href":"https:\/\/www.wanderfreunde-triebeltal.de\/index.php\/wp-json\/wp\/v2\/pages\/1154","targetHints":{"allow":["GET"]}}],"collection":[{"href":"https:\/\/www.wanderfreunde-triebeltal.de\/index.php\/wp-json\/wp\/v2\/pages"}],"about":[{"href":"https:\/\/www.wanderfreunde-triebeltal.de\/index.php\/wp-json\/wp\/v2\/types\/page"}],"author":[{"embeddable":true,"href":"https:\/\/www.wanderfreunde-triebeltal.de\/index.php\/wp-json\/wp\/v2\/users\/1"}],"replies":[{"embeddable":true,"href":"https:\/\/www.wanderfreunde-triebeltal.de\/index.php\/wp-json\/wp\/v2\/comments?post=1154"}],"version-history":[{"count":91,"href":"https:\/\/www.wanderfreunde-triebeltal.de\/index.php\/wp-json\/wp\/v2\/pages\/1154\/revisions"}],"predecessor-version":[{"id":10176,"href":"https:\/\/www.wanderfreunde-triebeltal.de\/index.php\/wp-json\/wp\/v2\/pages\/1154\/revisions\/10176"}],"wp:attachment":[{"href":"https:\/\/www.wanderfreunde-triebeltal.de\/index.php\/wp-json\/wp\/v2\/media?parent=1154"}],"curies":[{"name":"wp","href":"https:\/\/api.w.org\/{rel}","templated":true}]}}